{"id":61,"date":"2021-06-16T18:54:41","date_gmt":"2021-06-16T16:54:41","guid":{"rendered":"http:\/\/irnofestival.it\/XXV\/?page_id=61"},"modified":"2025-08-14T22:40:36","modified_gmt":"2025-08-14T20:40:36","slug":"tutte-le-edizioni","status":"publish","type":"page","link":"http:\/\/irnofestival.it\/XXVII\/tutte-le-edizioni\/","title":{"rendered":"tutte le edizioni"},"content":{"rendered":"<p>[vc_row][vc_column][vc_tour interval=&#8221;0&#8243; style=&#8221;tab-style-three&#8221;][vc_tab title=&#8221;I Edizione 1999&#8243; tab_id=&#8221;1408700016-1-41&#8243;][vc_single_image source=&#8221;external_link&#8221; custom_src=&#8221;http:\/\/www.irnofestival.it\/XVII\/wp-content\/uploads\/2015\/07\/primaedizione.jpg&#8221;]<div class=\"gap\" style=\"line-height: 20px; height: 20px;\"><\/div><div class=\"hr-thin style-line\" style=\"width: 100%;border-top-width: 1px;\"><\/div><div class=\"gap\" style=\"line-height: 20px; height: 20px;\"><\/div>[vc_column_text]Sabato 27 Novembre 1999 &#8211; ore: 19.00<br \/>\nCENTRO SOCIALE (Mercato San Severino &#8211; SA)<\/p>\n<p>&#8211; Concerto Multimediale &#8211;<br \/>\n&#8220;Contaminazioni&#8221; &#8230; tra musica e pittura<\/p>\n<p>Vincenzo Mastropirro &#8211; flauto<br \/>\nGiambattista Ciliberti &#8211; clarinetto<br \/>\nAntonio Maddoni &#8211; chitarra<br \/>\nPaolo Sciancalopore &#8211; pittore<\/p>\n<p>&#8212;&#8212;&#8212;&#8212;&#8212;&#8212;&#8212;&#8212;&#8212;&#8212;&#8212;&#8212;&#8212;&#8212;&#8212;&#8212;&#8211;<\/p>\n<p>Domenica 5 Dicembre 1999 &#8211; ore: 19.00<br \/>\nCHIESA di SANT&#8217;ANTONIO (Mercato San Severino &#8211; SA)<\/p>\n<p>&#8211; Trio Campano &#8211;<\/p>\n<p>Mario Ricciardi &#8211; flauto<br \/>\nLucia Di Sapio &#8211; arpa<br \/>\nAntonio Avitabile &#8211; violoncello<\/p>\n<p>musiche di: Busser, Villa Lobos, Ravel, Citro, Jolivet, Wakamatsu<\/p>\n<p>&#8212;&#8212;&#8212;&#8212;&#8212;&#8212;&#8212;&#8212;&#8212;&#8212;&#8212;&#8212;&#8212;&#8212;&#8212;&#8212;&#8211;<\/p>\n<p>Domenica 12 Dicembre 1999 &#8211; ore: 19.00<br \/>\nCHIESA di S. ANTONIO (Mercato San Severino &#8211; SA)<\/p>\n<p>&#8211; Orchestra &#8220;S. Rachmaninov&#8221; &#8211;<\/p>\n<p>Pasquale Menchise &#8211; direttore<\/p>\n<p>musiche di: Piazzolla, De Simone, Miller, Respighi, Morricone, Citro<\/p>\n<p>&#8212;&#8212;&#8212;&#8212;&#8212;&#8212;&#8212;&#8212;&#8212;&#8212;&#8212;&#8212;&#8212;&#8212;&#8212;&#8212;&#8211;<\/p>\n<p>Venerd\u00ec 17 Dicembre 1999 &#8211; ore: 20.00<br \/>\nTEATRO ARISTON (Mercato San Severino &#8211; SA)<\/p>\n<p>&#8211; La favola del Principe Schiaccianoci &#8211;<br \/>\nda un&#8217;idea di M. Albanese e S. L. Grimaldi<\/p>\n<p>musiche di: P. I. Ciaikosky<br \/>\ntesti di: C. Carpentieri e D. Orsini<\/p>\n<p>Pianisti: Massimiliano Albanese &#8211; Sabato Lucio Grimaldi<br \/>\nVoce recitante: Domenico Orsini<br \/>\nCorpo di Ballo: Il Balletto del Centro<br \/>\nCoreografie: Alba Buonandi<\/p>\n<p>Regia di: Massimiliano Albanese e Carolina Carpentieri<br \/>\nFoto: I\u00b0 edizione &#8211; IRNOFESTIVAL[\/vc_column_text][\/vc_tab][vc_tab title=&#8221;II Edizione 2000&#8243; tab_id=&#8221;1408700016-2-26&#8243;][vc_single_image source=&#8221;external_link&#8221; css_animation=&#8221;fadeIn&#8221; custom_src=&#8221;http:\/\/www.irnofestival.it\/XVII\/wp-content\/uploads\/2015\/07\/secondaedizione.jpg&#8221;]<div class=\"gap\" style=\"line-height: 20px; height: 20px;\"><\/div><div class=\"hr-thin style-line\" style=\"width: 100%;border-top-width: 1px;\"><\/div><div class=\"gap\" style=\"line-height: 20px; height: 20px;\"><\/div>[vc_column_text]Domenica 3 Dicembre 2000 &#8211; ore: 20.00<br \/>\nCENTRO SOCIALE (Mercato San Severino &#8211; SA)<\/p>\n<p>&#8211; Spettacolo di danza &#8211;<br \/>\n&#8220;Ballando ballando&#8221;<\/p>\n<p>coreografie di: Donatella Zappullo<br \/>\nmusiche di: G. Winston, T. Citro<\/p>\n<p>&#8212;&#8212;&#8212;&#8212;&#8212;&#8212;&#8212;&#8212;&#8212;&#8212;&#8212;&#8212;&#8212;&#8212;&#8212;&#8212;&#8211;<\/p>\n<p>Venerd\u00ec 8 Dicembre 2000 &#8211; ore: 20.00<br \/>\nCINEMA CAPITOL (Siano &#8211; SA)<\/p>\n<p>&#8211; Spettacolo di danza &#8211;<br \/>\n&#8220;Ballo senza sballo&#8221;<\/p>\n<p>coreografie di: Adalgisa Citro<br \/>\nmusiche di: Haberkamp, Reutter, Vorwort<\/p>\n<p>&#8212;&#8212;&#8212;&#8212;&#8212;&#8212;&#8212;&#8212;&#8212;&#8212;&#8212;&#8212;&#8212;&#8212;&#8212;&#8212;&#8211;<\/p>\n<p>Domenica 10 Dicembre 2000 &#8211; ore: 18.00<br \/>\nCHIESA di S. PIETRO Apostolo (Fisciano &#8211; SA)<\/p>\n<p>&#8211; Quintetto di Ottoni &#8211;<br \/>\n&#8220;Campania Brass&#8221;<\/p>\n<p>Raffaele Alfano &#8211; tromba<br \/>\nRiccardo De Giacomo &#8211; tromba<br \/>\nLuigi Calabrese &#8211; corno<br \/>\nRocco Grimaldi &#8211; trombone<br \/>\nGiuseppe Granato &#8211; tuba<\/p>\n<p>musiche di: Brahms, Bizet, Rossini, Citro<\/p>\n<p>&#8212;&#8212;&#8212;&#8212;&#8212;&#8212;&#8212;&#8212;&#8212;&#8212;&#8212;&#8212;&#8212;&#8212;&#8212;&#8212;&#8211;<\/p>\n<p>Domenica 17 Dicembre 2000 &#8211; ore: 20.00<br \/>\nCENTRO SOCIALE (Mercato San Severino &#8211; SA)<\/p>\n<p>&#8211; Le pi\u00f9 famose colonne sonore del &#8216;900 &#8211;<\/p>\n<p>Lucio Grimaldi &#8211; pianoforte<\/p>\n<p>&#8212;&#8212;&#8212;&#8212;&#8212;&#8212;&#8212;&#8212;&#8212;&#8212;&#8212;&#8212;&#8212;&#8212;&#8212;&#8212;&#8211;<\/p>\n<p>Marted\u00ec 26 Dicembre 2000 &#8211; ore: 19.00<br \/>\nCHIESA di S. BARTOLOMEO (Penta di Fisciano &#8211; SA)<\/p>\n<p>&#8211; Trio Campano &#8211;<\/p>\n<p>Mario Ricciardi &#8211; flauto<br \/>\nLucia di Sapio &#8211; arpa<br \/>\nAntonio Avitabile &#8211; violoncello<\/p>\n<p>musiche di: Bach, Pachelbel, Mozart, Citro, Bizet, Faur\u00e9, Damase<\/p>\n<p>&#8212;&#8212;&#8212;&#8212;&#8212;&#8212;&#8212;&#8212;&#8212;&#8212;&#8212;&#8212;&#8212;&#8212;&#8212;&#8212;&#8211;<\/p>\n<p>Sabato 30 Dicembre 2000 &#8211; ore: 20.00<br \/>\nCHIESA della MADONNA DELLE GRAZIE (Calvanico &#8211; SA)<\/p>\n<p>&#8211; Napoli canzoni popolaresche, canzoni d&#8217;autore &#8211;<\/p>\n<p>Saverio Stornaiuolo &#8211; voce<br \/>\nTiziano Citro &#8211; pianoforte[\/vc_column_text][\/vc_tab][vc_tab title=&#8221;III Edizione 2001&#8243; tab_id=&#8221;1408700978504-2-5&#8243;][vc_single_image source=&#8221;external_link&#8221; css_animation=&#8221;fadeIn&#8221; custom_src=&#8221;http:\/\/www.irnofestival.it\/XVII\/wp-content\/uploads\/2015\/07\/terzaedizione.jpg&#8221;]<div class=\"gap\" style=\"line-height: 20px; height: 20px;\"><\/div><div class=\"hr-thin style-line\" style=\"width: 100%;border-top-width: 1px;\"><\/div><div class=\"gap\" style=\"line-height: 20px; height: 20px;\"><\/div>[vc_column_text]Domenica 20 Maggio 2001 &#8211; ore: 21.00<br \/>\nTEATRO COMUNALE (Mercato San Severino &#8211; SA)<\/p>\n<p>&#8211; Orchestra Sinfonica di Bacau &#8211;<\/p>\n<p>direttore: Maria Stefania<br \/>\npianoforte: Lucio Grimaldi<\/p>\n<p>musiche di: Tchajcovski, Rachmaninov, Citro<\/p>\n<p>&#8212;&#8212;&#8212;&#8212;&#8212;&#8212;&#8212;&#8212;&#8212;&#8212;&#8212;&#8212;&#8212;&#8212;&#8212;&#8212;&#8211;<\/p>\n<p>Domenica 27 Maggio 2001 &#8211; ore: 20.30<br \/>\nCHIESA di S. MARIA DELLE GRAZIE (Calvanico &#8211; SA)<\/p>\n<p>&#8211; Concerto Corale &#8211;<\/p>\n<p>direttore: Adiutore Loffredo<\/p>\n<p>musiche di: autori classici napoletani<\/p>\n<p>&#8212;&#8212;&#8212;&#8212;&#8212;&#8212;&#8212;&#8212;&#8212;&#8212;&#8212;&#8212;&#8212;&#8212;&#8212;&#8212;&#8211;<\/p>\n<p>Domenica 3 Giugno 2001 &#8211; ore: 19.45<br \/>\nCHIESA di S. ANNA (Penta di Fisciano &#8211; SA)<\/p>\n<p>&#8211; Concerto Corale &#8211;<br \/>\n&#8220;Il canto sacro e profano nell&#8217;Epoca Barocca&#8221;<\/p>\n<p>direttore: Adiutore Loffredo<br \/>\n[\/vc_column_text][\/vc_tab][vc_tab title=&#8221;IV Edizione 2002&#8243; tab_id=&#8221;1408702134550-3-7&#8243;][vc_single_image source=&#8221;external_link&#8221; css_animation=&#8221;fadeIn&#8221; custom_src=&#8221;http:\/\/www.irnofestival.it\/XVII\/wp-content\/uploads\/2015\/07\/quartaedizione.jpg&#8221;]<div class=\"gap\" style=\"line-height: 20px; height: 20px;\"><\/div><div class=\"hr-thin style-line\" style=\"width: 100%;border-top-width: 1px;\"><\/div><div class=\"gap\" style=\"line-height: 20px; height: 20px;\"><\/div>[vc_column_text]Sabato 29 Giugno 2002 &#8211; ore: 20.30<br \/>\nCENTRO SOCIALE (Mercato San Severino &#8211; SA)<\/p>\n<p>&#8211; Spettacolo di Cabaret &#8211;<br \/>\n&#8220;Troppa Salute&#8221;<\/p>\n<p>di Carmine Iannone<\/p>\n<p>&#8212;&#8212;&#8212;&#8212;&#8212;&#8212;&#8212;&#8212;&#8212;&#8212;&#8212;&#8212;&#8212;&#8212;&#8212;&#8212;&#8211;<\/p>\n<p>Domenica 30 Giugno 2002 &#8211; ore: 20.30<br \/>\nCHIESA della MADONNA DELLE GRAZIE (Calvanico- SA)<\/p>\n<p>&#8211; &#8220;Trio Campano&#8221; &#8211;<\/p>\n<p>flauto: Caterina D&#8217;Amore<br \/>\narpa: Lucia Di Sapio<br \/>\nvioloncello: Antonio Avitabile<\/p>\n<p>musiche di: Bach, Mozart, Villa Lobos, Wakamatzu Suite, Suite di Brani Celebri<\/p>\n<p>&#8212;&#8212;&#8212;&#8212;&#8212;&#8212;&#8212;&#8212;&#8212;&#8212;&#8212;&#8212;&#8212;&#8212;&#8212;&#8212;&#8211;<\/p>\n<p>Mercoled\u00ec 3 Luglio 2002 &#8211; ore: 20.30<br \/>\nPALAZZO VANVITELLI (Mercato San Severino &#8211; SA)<\/p>\n<p>&#8211; &#8220;Fanny Sax Quartet&#8221; &#8211;<\/p>\n<p>sax soprano: Domenico Luciano<br \/>\nsax alto: Guerino Bellarosa<br \/>\nsax tenore: Sabato Aurilia<br \/>\nsax baritono: Adolfo Alberto Rocco<\/p>\n<p>musiche di: Waill, Bach, Piazzolla, Huckeby, Niehaus, Bovio\/Sangiovanni, Calice\/Rossi, Iturralde<\/p>\n<p>&#8212;&#8212;&#8212;&#8212;&#8212;&#8212;&#8212;&#8212;&#8212;&#8212;&#8212;&#8212;&#8212;&#8212;&#8212;&#8212;&#8211;<\/p>\n<p>Sabato 6 Luglio 2002 &#8211; ore: 20.30<br \/>\nCHIESA del S.S. SALVATORE (Calvanico &#8211; SA)<\/p>\n<p>&#8211; &#8220;Wind Quartet Brass&#8221; &#8211;<\/p>\n<p>trombe: Antonio Vitale, Donino Gautieri<br \/>\ntromboni: Francesco Fierro, Roberto Vitale<br \/>\npiano: Lucrezia Benevento<\/p>\n<p>musiche di: Cardaropoli, Veracini, Savard, Merulo, Haydn, van Beethoven, Purcel<\/p>\n<p>&#8212;&#8212;&#8212;&#8212;&#8212;&#8212;&#8212;&#8212;&#8212;&#8212;&#8212;&#8212;&#8212;&#8212;&#8212;&#8212;&#8211;<\/p>\n<p>Domenica 7 Luglio 2002 &#8211; ore: 21.00<br \/>\nPALAZZO VANVITELLI (Mercato San Severino &#8211; SA)<\/p>\n<p>&#8211; &#8220;Orchestra Sinfonica di Kicinev&#8221; &#8211;<\/p>\n<p>solista: Francesco Tamiati<br \/>\ndirettore: Francesco Bottigliero<\/p>\n<p>musiche di: Glinka, Arutjunian, Citro, Bellini, Verdi, Rossini[\/vc_column_text][\/vc_tab][vc_tab title=&#8221;V Edizione 2003&#8243; tab_id=&#8221;1408702411512-4-1&#8243;][vc_single_image source=&#8221;external_link&#8221; css_animation=&#8221;fadeIn&#8221; custom_src=&#8221;http:\/\/www.irnofestival.it\/XVII\/wp-content\/uploads\/2015\/07\/quintaedizione.jpg&#8221;]<div class=\"gap\" style=\"line-height: 20px; height: 20px;\"><\/div><div class=\"hr-thin style-line\" style=\"width: 100%;border-top-width: 1px;\"><\/div><div class=\"gap\" style=\"line-height: 20px; height: 20px;\"><\/div>[vc_column_text]Venerd\u00ec 27 giugno 2003 &#8211; ore: 21.00<br \/>\nPalazzo Vanvitelli (Mercato S. Severino &#8211; SA)<\/p>\n<p>&#8211; Orchestra Zenit &#8211;<br \/>\nDirettore: Massimo Testa<br \/>\nPianista: Lucio Grimaldi<\/p>\n<p>musiche di: Barber, Citro, Respighi,<br \/>\nMorricone, Piazzolla<\/p>\n<p>&#8212;&#8212;&#8212;&#8212;&#8212;&#8212;&#8212;&#8212;&#8212;&#8212;&#8212;&#8212;&#8212;&#8212;&#8212;&#8212;&#8211;<\/p>\n<p>Domenica 27 giugno 2003 &#8211; ore: 21.00<br \/>\nPalazzo Vanvitelli (Mercato S. Severino &#8211; SA)<\/p>\n<p>&#8211; Un uomo Chiamato Ges\u00f9 &#8211;<\/p>\n<p>Balletto: Associazione Spazio Sud<br \/>\nPianoforte: Lucio Grimaldi<br \/>\nAiuto Regia: R. Inghilleri, L. Abate<br \/>\nRegia: Gaetano Stella<\/p>\n<p>musical: Jesus Christ Superstar<\/p>\n<p>&#8212;&#8212;&#8212;&#8212;&#8212;&#8212;&#8212;&#8212;&#8212;&#8212;&#8212;&#8212;&#8212;&#8212;&#8212;&#8212;&#8211;<\/p>\n<p>Gioved\u00ec 3 luglio 2003 &#8211; ore: 20.00<br \/>\nChiesa di S. Giovanni Battista (Bracigliano &#8211; SA)<\/p>\n<p>Orchestra: Arteteca Mediterranea<br \/>\nDirettore: Giuseppe Mallozzi<\/p>\n<p>musiche di: Pachelbel, Vivaldi, Monteverdi<\/p>\n<p>&#8212;&#8212;&#8212;&#8212;&#8212;&#8212;&#8212;&#8212;&#8212;&#8212;&#8212;&#8212;&#8212;&#8212;&#8212;&#8212;&#8211;<\/p>\n<p>Sabato 5 luglio 2003 &#8211; ore: 20.00<br \/>\nPiazza Municipio (Calvanico &#8211; SA)<\/p>\n<p>&#8211; Concerto per la Pace &#8211;<br \/>\nAdiutore Loffredo<br \/>\nMaria Cristina Galasso<\/p>\n<p>musiche di: Loffredo, Krek, Lauridsen,<br \/>\nStravinsky, Rossini, Verdi, Haendel<\/p>\n<p>&#8212;&#8212;&#8212;&#8212;&#8212;&#8212;&#8212;&#8212;&#8212;&#8212;&#8212;&#8212;&#8212;&#8212;&#8212;&#8212;&#8211;<\/p>\n<p>Domenica 6 luglio 2003 &#8211; ore: 21.00<br \/>\nTeatro Comunale (Mercato S. Severino &#8211; SA)<\/p>\n<p>&#8211; Histoire Du Soldat &#8211;<\/p>\n<p>Ensemble &#8220;Adrian Leverkun&#8221;<br \/>\nViolino: Raffaele Galibardi<br \/>\nContrabbasso: Marco Cuciniello<br \/>\nClarinetto: Luigina Longo<br \/>\nFagotto: Giuseppe Scala<br \/>\nTromba: Giovanni Perciante<br \/>\nTrombone: Alessandro Schiavo<br \/>\nPercussioni: Igor Caiazza<br \/>\nRegia: Bertone, Bottigliero, Maisto, Petti<\/p>\n<p>musiche di: Igor Stravinskj [\/vc_column_text][\/vc_tab][vc_tab title=&#8221;VI Edizione 2004&#8243; tab_id=&#8221;1408702675551-5-6&#8243;][vc_single_image source=&#8221;external_link&#8221; css_animation=&#8221;fadeIn&#8221; custom_src=&#8221;http:\/\/www.irnofestival.it\/XVII\/wp-content\/uploads\/2015\/07\/sestaedizione.jpg&#8221;]<div class=\"gap\" style=\"line-height: 20px; height: 20px;\"><\/div><div class=\"hr-thin style-line\" style=\"width: 100%;border-top-width: 1px;\"><\/div><div class=\"gap\" style=\"line-height: 20px; height: 20px;\"><\/div>[vc_column_text]Sabato 26 giugno 2004 &#8211; ore: 20.00<br \/>\nChiesa del SS. Salvatore (Calvanico &#8211; SA)<\/p>\n<p>&#8211; Orchestra da Camera Lucana &#8211;<\/p>\n<p>Orchestra: Stabile Lucana<br \/>\nDirettore: Pasquale Menchise<\/p>\n<p>musiche di: Mascagni, Respighi, Morricone,<br \/>\nStrauss, Piazzolla<\/p>\n<p>&#8212;&#8212;&#8212;&#8212;&#8212;&#8212;&#8212;&#8212;&#8212;&#8212;&#8212;&#8212;&#8212;&#8212;&#8212;&#8212;&#8211;<\/p>\n<p>Domenica 27 giugno 2004 &#8211; ore: 11.00<br \/>\nPiazza L. Angrisani (Bracigliano &#8211; SA)<\/p>\n<p>&#8211; Concerto Aperitivo &#8211;<\/p>\n<p>Fanny Sax Quartet<br \/>\nSax Soprano: Domenico Luciani<br \/>\nSax Contralto: Guerino Bellarosa<br \/>\nSax Tenore: Sabato Aurilia<br \/>\nSax Baritono: Adolfo Alberto Rocco<\/p>\n<p>musiche di: Nyman, Bach, Rossini, Morricone,<br \/>\nBovio\/Buongiovanni, Calise\/Rossi, Iturralde,<br \/>\nPiazzolla<\/p>\n<p>&#8212;&#8212;&#8212;&#8212;&#8212;&#8212;&#8212;&#8212;&#8212;&#8212;&#8212;&#8212;&#8212;&#8212;&#8212;&#8212;&#8211;<\/p>\n<p>Domenica 27 giugno 2004 &#8211; ore: 20.00<br \/>\nAnfiteatro (Baronissi &#8211; SA)<\/p>\n<p>&#8211; The Dark Side of the Moon &#8211;<\/p>\n<p>Balletto: Centro Danza<br \/>\nVoce: Paola Della Monica<br \/>\nSoprani: Melina Lopardo, Milena L&#8217;Amico, Anna Picerno<br \/>\nPianoforte: Lucio Grimaldi<\/p>\n<p>musiche di: Pink Floyd<\/p>\n<p>&#8212;&#8212;&#8212;&#8212;&#8212;&#8212;&#8212;&#8212;&#8212;&#8212;&#8212;&#8212;&#8212;&#8212;&#8212;&#8212;&#8211;<\/p>\n<p>Venerd\u00ec 2 luglio 2004 &#8211; ore: 21.00<br \/>\nCentro Sociale &#8220;M. Biagi&#8221; (Mercato S. Severino &#8211; SA)<\/p>\n<p>&#8211; Tre cazun&#8217; furtunat&#8217; &#8211;<br \/>\ndi Eduardo Scarpetta<\/p>\n<p>Scene di: Armando Pennino<br \/>\nRegia di: Gaetano De Pascale<\/p>\n<p>Presentato da: La Compagnia &#8220;Il Quadrifoglio&#8221;<\/p>\n<p>&#8212;&#8212;&#8212;&#8212;&#8212;&#8212;&#8212;&#8212;&#8212;&#8212;&#8212;&#8212;&#8212;&#8212;&#8212;&#8212;&#8211;<\/p>\n<p>Sabato 3 luglio 2004 &#8211; ore: 17.00<br \/>\nPalazzo Vanvitelliano (Mercato S. Severino &#8211; SA)<\/p>\n<p>&#8211; Tavola Rotonda &#8211;<br \/>\n&#8220;Il ruolo del Compositore<br \/>\ntra Istituzione e pubblico&#8221;<\/p>\n<p>Relatori:<br \/>\nCorrado Vitale<br \/>\nMaria Grazia Sit\u00e0<br \/>\nJacopo Pellegrini<br \/>\nLuca Aversano<br \/>\nGianfranco Rizzo<\/p>\n<p>&#8212;&#8212;&#8212;&#8212;&#8212;&#8212;&#8212;&#8212;&#8212;&#8212;&#8212;&#8212;&#8212;&#8212;&#8212;&#8212;&#8211;<\/p>\n<p>Domenica 4 luglio 2004 &#8211; ore: 19.30<br \/>\nAnfiteatro (Baronissi &#8211; SA)<\/p>\n<p>&#8211; Grande Orchestra Sinfonica &#8211;<br \/>\ndi: Ijhevsk-Udmurtia<\/p>\n<p>Direttore: Nikolai Rogotnev<\/p>\n<p>musiche di: Citro, Mussorgskj, Schumann[\/vc_column_text][\/vc_tab][vc_tab title=&#8221;VII Edizione 2005&#8243; tab_id=&#8221;1408702946522-6-9&#8243;][vc_single_image source=&#8221;external_link&#8221; css_animation=&#8221;fadeIn&#8221; custom_src=&#8221;http:\/\/www.irnofestival.it\/XVII\/wp-content\/uploads\/2015\/07\/settimaedizione.jpg&#8221;]<div class=\"gap\" style=\"line-height: 20px; height: 20px;\"><\/div><div class=\"hr-thin style-line\" style=\"width: 100%;border-top-width: 1px;\"><\/div><div class=\"gap\" style=\"line-height: 20px; height: 20px;\"><\/div>[vc_column_text]Venerd\u00ec 5 agosto 2005 &#8211; ore: 21.30<br \/>\nGiardino della Villa &#8220;La Clinique de la Beaut\u00e8 (Baronissi &#8211; SA)<\/p>\n<p>Orchestra Filarmonica &#8220;Mihail Jora&#8221;<br \/>\nDirettore: Ovidiu Balan<br \/>\nPianisti: Michele D&#8217;Ambrosio, Lucio Grimaldi<\/p>\n<p>musiche di: Citro, Rachmaninov<\/p>\n<p>&#8212;&#8212;&#8212;&#8212;&#8212;&#8212;&#8212;&#8212;&#8212;&#8212;&#8212;&#8212;&#8212;&#8212;&#8212;&#8212;&#8211;<\/p>\n<p>Sabato 6 agosto 2005 &#8211; ore: 21.00<br \/>\nPiazza Conforti (Calvanico &#8211; SA)<\/p>\n<p>Orchestra Filarmonica &#8220;Mihail Jora&#8221;<br \/>\nDirettore: Ovidiu Balan<br \/>\nPianisti: Francesco Massimi, Costantino Catena, Giuseppe Gullotta<\/p>\n<p>musiche di: Rachmaninov<\/p>\n<p>&#8212;&#8212;&#8212;&#8212;&#8212;&#8212;&#8212;&#8212;&#8212;&#8212;&#8212;&#8212;&#8212;&#8212;&#8212;&#8212;&#8211;<\/p>\n<p>Domenica 7 agosto 2005 &#8211; ore: 21.00<br \/>\nPiazza Tuoro (Bracigliano &#8211; SA)<\/p>\n<p>Orchestra Filarmonica di Vidin<br \/>\nDirettore: Valentin Doni<\/p>\n<p>musiche di: Rimski\/Korsakov, Tcajkovskij[\/vc_column_text][\/vc_tab][vc_tab title=&#8221;VIII Edizione 2006&#8243; tab_id=&#8221;1408703166776-7-2&#8243;][vc_single_image source=&#8221;external_link&#8221; css_animation=&#8221;fadeIn&#8221; custom_src=&#8221;http:\/\/www.irnofestival.it\/XVII\/wp-content\/uploads\/2015\/07\/ottavaedizione.jpg&#8221;]<div class=\"gap\" style=\"line-height: 20px; height: 20px;\"><\/div><div class=\"hr-thin style-line\" style=\"width: 100%;border-top-width: 1px;\"><\/div><div class=\"gap\" style=\"line-height: 20px; height: 20px;\"><\/div>[vc_column_text]Domenica 27 Agosto 2006 &#8211; ore: 21.00<br \/>\nBIBLIOTECA COMUNALE (Baronissi &#8211; SA)<\/p>\n<p>quartetto d&#8217;Archi: &#8221;Spring Quartet&#8221;<br \/>\nfisarmonica: Armando Rizzo<\/p>\n<p>musiche di Mozart, Bach, Solotarjov, Piazzolla<\/p>\n<p>&#8212;&#8212;&#8212;&#8212;&#8212;&#8212;&#8212;&#8212;&#8212;&#8212;&#8212;&#8212;&#8212;&#8212;&#8212;&#8212;&#8211;<\/p>\n<p>Lunedi&#8217; 28 Agosto 2006 &#8211; ore: 21.00<br \/>\nCHIESA del S.S. SALVATORE (Calvanico &#8211; SA)<\/p>\n<p>&#8211; Duo pianistico &#8221;Rossini&#8221; &#8211;<br \/>\nLucio Grimaldi &#8211; Demetrio Trotta<\/p>\n<p>musiche di: Mozart, Rossini<\/p>\n<p>&#8212;&#8212;&#8212;&#8212;&#8212;&#8212;&#8212;&#8212;&#8212;&#8212;&#8212;&#8212;&#8212;&#8212;&#8212;&#8212;&#8211;<\/p>\n<p>Marted\u00ec 29 Agosto 2006 &#8211; ore: 21.00<br \/>\nMONTE ARIELLA (Bracigliano &#8211; SA)<\/p>\n<p>Balkan Festival Orchestra<br \/>\ndirettore: Panagiotis Diamantis<\/p>\n<p>musiche di: Dimitrescu, Dvor\u00e1k, Bartok, Brahms<\/p>\n<p>&#8212;&#8212;&#8212;&#8212;&#8212;&#8212;&#8212;&#8212;&#8212;&#8212;&#8212;&#8212;&#8212;&#8212;&#8212;&#8212;&#8211;<\/p>\n<p>Mercoled\u00ec 30 Agosto 2006 &#8211; ore: 21.00<br \/>\nCHIESA del S.S. SALVATORE (Calvanico &#8211; SA)<\/p>\n<p>Balkan Festival Orchestra<br \/>\ndirettore: Fabio Brunelli<\/p>\n<p>Pianista: Daniela Gentile<\/p>\n<p>musiche di: Mendelssohn, Shostakovic, Beethoven<\/p>\n<p>&#8212;&#8212;&#8212;&#8212;&#8212;&#8212;&#8212;&#8212;&#8212;&#8212;&#8212;&#8212;&#8212;&#8212;&#8212;&#8212;&#8211;<\/p>\n<p>Sabato 2 Settembre 2006 &#8211; ore: 21.00<br \/>\nTEATRO COMUNALE (Mercato S. Severino &#8211; SA)<\/p>\n<p>Il Gruppo Teatro Aperto del<br \/>\nLaboratorio Arte Tempra in &#8221;AMADEUS&#8221;<br \/>\ndi Peter Shaffer Opera in due atti<\/p>\n<p>regia di: C. Santacroce<\/p>\n<p>&#8212;&#8212;&#8212;&#8212;&#8212;&#8212;&#8212;&#8212;&#8212;&#8212;&#8212;&#8212;&#8212;&#8212;&#8212;&#8212;&#8211;<\/p>\n<p>Domenica 3 Settembre 2006 &#8211; ore: 21.00<br \/>\nCHIESA del S.S. SALVATORE (Calvanico &#8211; SA)<\/p>\n<p>pianoforte: Francesco Massimi<\/p>\n<p>musiche di: Mozart, Schubert, Martucci, Shostakovic, Rachmaninov<\/p>\n<p>&#8212;&#8212;&#8212;&#8212;&#8212;&#8212;&#8212;&#8212;&#8212;&#8212;&#8212;&#8212;&#8212;&#8212;&#8212;&#8212;&#8211;<\/p>\n<p>Marted\u00ec 5 Settembre 2006 &#8211; ore: 21.00<br \/>\nCHIESA di S. GIOVANNI BATTISTA (Bracigliano &#8211; SA)<\/p>\n<p>&#8211; &#8221;Blaser Quintett&#8221; &#8211;<br \/>\nflauto: Caterina D&#8217;Amore<br \/>\noboe: Umberto D&#8217;Angelo<br \/>\nclarinetto: Giovanni Venezia<br \/>\nfagotto: Antonello Capone<br \/>\ncorno: Raffaele Vigorita<\/p>\n<p>musiche di Haydn, Citro, Mozart, Gossec, Rossini<\/p>\n<p>&#8212;&#8212;&#8212;&#8212;&#8212;&#8212;&#8212;&#8212;&#8212;&#8212;&#8212;&#8212;&#8212;&#8212;&#8212;&#8212;&#8211;<\/p>\n<p>Mercoled\u00ec 6 Settembre 2006 &#8211; ore: 21.30<br \/>\nCHIESA di S. GIOVANNI IN PARCO (Mercato S. Severino &#8211; SA)<\/p>\n<p>Orchestra dell&#8217;Universit\u00e0 di Parma<br \/>\ndirettore: Luca Aversano<\/p>\n<p>musiche di: Mozart<\/p>\n<p>&#8212;&#8212;&#8212;&#8212;&#8212;&#8212;&#8212;&#8212;&#8212;&#8212;&#8212;&#8212;&#8212;&#8212;&#8212;&#8212;&#8211;<\/p>\n<p>Gioved\u00ec 7 Settembre 2006 &#8211; ore: 21.00<br \/>\nPIAZZA V MAGGIO &#8211; Fraz. Casale (Bracigliano &#8211; SA)<\/p>\n<p>Orchestra dell&#8217;Universit\u00e0 di Parma<br \/>\ndirettore: Luca Aversano<\/p>\n<p>musiche di: Beethoven, Verdi, Bizet<\/p>\n<p>&#8212;&#8212;&#8212;&#8212;&#8212;&#8212;&#8212;&#8212;&#8212;&#8212;&#8212;&#8212;&#8212;&#8212;&#8212;&#8212;&#8211;<\/p>\n<p>Venerd\u00ec 8 Settembre 2006 &#8211; ore: 21.30<br \/>\nGiardino de &#8220;LA CLINIQUE DE LA BEAUT\u00c9&#8221; (Baronissi &#8211; SA)<\/p>\n<p>Orchestra dell&#8217;Universit\u00e0 di Parma<br \/>\ndirettore: Luca Aversano<\/p>\n<p>musiche di: Mozart, Beethoven, Bizet[\/vc_column_text][vc_column_text][\/vc_column_text][\/vc_tab][vc_tab title=&#8221;IX Edizione 2007&#8243; tab_id=&#8221;1408703344594-8-0&#8243;][vc_single_image source=&#8221;external_link&#8221; css_animation=&#8221;fadeIn&#8221; custom_src=&#8221;http:\/\/www.irnofestival.it\/XVII\/wp-content\/uploads\/2015\/07\/nonaedizione.jpg&#8221;][\/vc_tab][vc_tab title=&#8221;X Edizione 2008&#8243; tab_id=&#8221;1408704207322-9-10&#8243;][vc_single_image source=&#8221;external_link&#8221; css_animation=&#8221;fadeIn&#8221; custom_src=&#8221;http:\/\/www.irnofestival.it\/XVII\/wp-content\/uploads\/2015\/07\/decimaedizione.jpg&#8221;][\/vc_tab][vc_tab title=&#8221;XI Edizione 2009&#8243; tab_id=&#8221;1408704489449-10-0&#8243;][vc_single_image source=&#8221;external_link&#8221; css_animation=&#8221;fadeIn&#8221; custom_src=&#8221;http:\/\/www.irnofestival.it\/XVII\/wp-content\/uploads\/2015\/07\/undicesimaedizione.jpg&#8221;][\/vc_tab][vc_tab title=&#8221;XII Edizione 2010&#8243; tab_id=&#8221;1408704736306-11-5&#8243;][vc_single_image source=&#8221;external_link&#8221; css_animation=&#8221;fadeIn&#8221; custom_src=&#8221;http:\/\/www.irnofestival.it\/XVII\/wp-content\/uploads\/2015\/07\/dodicesimaedizione.jpg&#8221;]<div class=\"gap\" style=\"line-height: 20px; height: 20px;\"><\/div><div class=\"hr-thin style-line\" style=\"width: 100%;border-top-width: 1px;\"><\/div><div class=\"gap\" style=\"line-height: 20px; height: 20px;\"><\/div>[vc_column_text]Scario (SA) 8 agosto 2010<br \/>\nSagrato Chiesa dell&#8217;Immacolata &#8211; ore: 21.30<\/p>\n<p>Coro Teatro Lirico di Craiova<br \/>\nGrande Orchestra della Repubblica di Udmurtia<br \/>\nSoprano: Katia Ricciarelli<br \/>\nDirettore: Leonardo Quadrini<\/p>\n<p>musiche di: Verdi, Mascagni, Puccini, Bizet<\/p>\n<p>&#8212;&#8212;&#8212;&#8212;&#8212;&#8212;&#8212;&#8212;&#8212;&#8212;&#8212;&#8212;&#8212;&#8212;&#8212;&#8212;&#8211;<\/p>\n<p>Fisciano (SA) 12 agosto 2010<br \/>\nSagrato Chiesa Madre &#8211; ore: 21.30<\/p>\n<p>Coro Teatro Lirico di Craiova<br \/>\nOrchestra sinfonica &#8220;Tchaikovski&#8221;<br \/>\nTenore: Antonio De Palma<br \/>\nDirettore: Leonardo Quadrini<\/p>\n<p>musiche di: Tchaikovski, Mussorgsky, Puccini, Verdi<\/p>\n<p>&#8212;&#8212;&#8212;&#8212;&#8212;&#8212;&#8212;&#8212;&#8212;&#8212;&#8212;&#8212;&#8212;&#8212;&#8212;&#8212;&#8211;<\/p>\n<p>S. Egidio del Monte Albino (SA) 22 agosto 2010<br \/>\nChiesa di San Lorenzo &#8211; ore: 21.00<\/p>\n<p>Pianoforte: Lucio Grimaldi<\/p>\n<p>musiche di: Chopin, Citro, Gershwin<\/p>\n<p>&#8212;&#8212;&#8212;&#8212;&#8212;&#8212;&#8212;&#8212;&#8212;&#8212;&#8212;&#8212;&#8212;&#8212;&#8212;&#8212;&#8211;<\/p>\n<p>S. Egidio del Monte Albino (SA) 29 agosto 2010<br \/>\nChiesa di San Lorenzo &#8211; ore: 21.00<\/p>\n<p>Pianista: Raffaella Rossi<\/p>\n<p>musiche di: Chopin<\/p>\n<p>&#8212;&#8212;&#8212;&#8212;&#8212;&#8212;&#8212;&#8212;&#8212;&#8212;&#8212;&#8212;&#8212;&#8212;&#8212;&#8212;&#8211;<\/p>\n<p>Cava de&#8217; Tirreni (SA) 4 settembre 2010<br \/>\nChiostro S. Filippo dell&#8217;Olmo &#8211; ore: 21.00<\/p>\n<p>Orchestra della Repubblica di Jhievsk<br \/>\nVoce: Mariella Nava<br \/>\nDirettore: Leonardo Quadrini<\/p>\n<p>musiche di: Tchaikovski, Nava[\/vc_column_text][vc_single_image image=&#8221;351&#8243; img_size=&#8221;full&#8221; css_animation=&#8221;appear&#8221;][\/vc_tab][vc_tab title=&#8221;XIII Edizione 2011&#8243; tab_id=&#8221;1408704876150-12-5&#8243;][vc_single_image source=&#8221;external_link&#8221; css_animation=&#8221;fadeIn&#8221; custom_src=&#8221;http:\/\/www.irnofestival.it\/XVII\/wp-content\/uploads\/2015\/07\/tredicesimaedizione.jpg&#8221;]<div class=\"gap\" style=\"line-height: 20px; height: 20px;\"><\/div><div class=\"hr-thin style-line\" style=\"width: 100%;border-top-width: 1px;\"><\/div><div class=\"gap\" style=\"line-height: 20px; height: 20px;\"><\/div>[vc_column_text]Scario (SA) 8 agosto 2011<br \/>\nSagrato Chiesa dell&#8217;Immacolata &#8211; ore: 21.30<\/p>\n<p>Coro Teatro Lirico di Craiova<br \/>\nGrande Orchestra Nazionale Bulgara<br \/>\nMezzosoprano: Shin Sunghee<br \/>\nTenore: Oh Young-min, Lee Hyeong-seok<br \/>\nBaritono: Chung Jae-hwan<br \/>\nSoprano: Ryu Eun-seon, Kim Jieun<br \/>\nDirettore: Leonardo Quadrini<\/p>\n<p>musiche di: Verdi, Puccini, Bizet, Cilea,<br \/>\nLeoncavallo, Saint-Saens, Rossini<\/p>\n<p>&#8212;&#8212;&#8212;&#8212;&#8212;&#8212;&#8212;&#8212;&#8212;&#8212;&#8212;&#8212;&#8212;&#8212;&#8212;&#8212;&#8211;<\/p>\n<p>Salerno 21 agosto 2011<br \/>\nChiesa di S. Giorgio &#8211; ore: 21.00<\/p>\n<p>Coro Teatro Lirico di Craiova<br \/>\nPianoforte: Cristina Stein<br \/>\nDirettore: Florian Zamfir<\/p>\n<p>musiche di: Verdi, Rossini, Bellini<\/p>\n<p>&#8212;&#8212;&#8212;&#8212;&#8212;&#8212;&#8212;&#8212;&#8212;&#8212;&#8212;&#8212;&#8212;&#8212;&#8212;&#8212;&#8211;<\/p>\n<p>Pellezzano (SA) 4 settembre 2011<br \/>\nEremo dello Spirito Santo &#8211; ore: 20.00<\/p>\n<p>&#8211; Campania String Quartet &#8211;<br \/>\nI\u00b0 Violino: Gennaro Cardaropoli<br \/>\nII\u00b0 Violino: Federica Tranzillo<br \/>\nViola: Martina Iac\u00f2<br \/>\nVioloncello: Raffaella Cardaropoli<\/p>\n<p>musiche di: Charpentier, Bach, Vivaldi,<br \/>\nPachelbel, Mozart, Boccherini, Pergolesi<\/p>\n<p>&#8212;&#8212;&#8212;&#8212;&#8212;&#8212;&#8212;&#8212;&#8212;&#8212;&#8212;&#8212;&#8212;&#8212;&#8212;&#8212;&#8211;<\/p>\n<p>Pellezzano (SA) 11 settembre 2011<br \/>\nEremo dello Spirito Santo &#8211; ore: 20.00<\/p>\n<p>Violinista: Veaceslav Quadrini Ceaicovschi<\/p>\n<p>musiche di: Bach, Kreisler, Ysaye, Paganini<\/p>\n<p>&#8212;&#8212;&#8212;&#8212;&#8212;&#8212;&#8212;&#8212;&#8212;&#8212;&#8212;&#8212;&#8212;&#8212;&#8212;&#8212;&#8211;<\/p>\n<p>Salerno 15 settembre 2011<br \/>\nCircolo Canottieri &#8211; ore: 20.30<\/p>\n<p>Soprano: Rosalba Scutieri<br \/>\nBaritono: Antonio Sarnelli De Sylva<br \/>\nPianoforte: Leonardo Quadrini<\/p>\n<p>musiche di: Tosti, Gastaldon, Sarnelli,<br \/>\nVerdi, Giordano, Puccini, Bellini, Di Capua<\/p>\n<p>&#8212;&#8212;&#8212;&#8212;&#8212;&#8212;&#8212;&#8212;&#8212;&#8212;&#8212;&#8212;&#8212;&#8212;&#8212;&#8212;&#8211;<\/p>\n<p>Salerno 22 settembre 2011<br \/>\nCircolo Canottieri &#8211; ore: 20.30<\/p>\n<p>&#8211; Duo Namaste &#8211;<br \/>\nClarinetto: Guido Arbonelli<br \/>\nFisarmonica: Massimo Santostefano<\/p>\n<p>musiche di: Piazzolla, Rachmaninov, Gentile,<br \/>\nGalliano, Garson, Fancelli, Citro, Gardel[\/vc_column_text][\/vc_tab][vc_tab title=&#8221;XIV Edizione 2012&#8243; tab_id=&#8221;1408705286070-13-2&#8243;][vc_single_image source=&#8221;external_link&#8221; css_animation=&#8221;fadeIn&#8221; custom_src=&#8221;http:\/\/www.irnofestival.it\/XVII\/wp-content\/uploads\/2015\/07\/quattordicesimaedizione.jpg&#8221;][\/vc_tab][vc_tab title=&#8221;XV Edizione 2013&#8243; tab_id=&#8221;1408705700913-14-3&#8243;][vc_single_image source=&#8221;external_link&#8221; css_animation=&#8221;fadeIn&#8221; custom_src=&#8221;http:\/\/www.irnofestival.it\/XVII\/wp-content\/uploads\/2015\/07\/quindicedizione.jpg&#8221;][\/vc_tab][vc_tab title=&#8221;XVI Edizione 2014&#8243; tab_id=&#8221;1498655164386-15-7&#8243;][vc_column_text]26 Agosto 2014 &#8211; ore: 21.00<br \/>\nARENA DEL MARE (Salerno)<\/p>\n<p>&#8211; Tosca \/ G.Puccini &#8211;<\/p>\n<p><strong>Interpreti<\/strong><\/p>\n<p>Floria TOSCA, nota cantante \/ Soprano Fernanda COSTA<br \/>\nMario CAVARADOSSI, pittore \/ Tenore Fabio ANDREOTTI<br \/>\nIl barone SCARPIA, capo della polizia \/ Baritono Stefano MEO<br \/>\nCesare ANGELOTTI, prigioniero politico evaso \/ Basso Sorin DRANICEANU<br \/>\nIl SAGRESTANO \/ Basso Cesidio IACOBONE<br \/>\nSPOLETTA, un agente di polizia \/ Tenore Francesco CIOTOLA<br \/>\nSCIARRONE, un altro agente \/ BASSO Gianfranco ZUCCARINO<br \/>\nUn CARCERIERE \/ BASSO Massimo RIZZI<br \/>\nUn PASTORERELLO \/ Matilde ROSI<br \/>\nUn Cardinale, il Giudice del fisco Roberti, esecutore di giustizia,<br \/>\nuno Scrivano, un Ufficiale, un Sergente,<br \/>\nSoldati, Sbirri, Dame, Nobili, Borghesi, Popolo, etc.<\/p>\n<p><strong>Presentazione<\/strong><br \/>\nIl primo appuntamento con la grande musica dell\u2019Irnofestival con Tosca, che ci far\u00e0 rivivere momenti di passione sentimento gioia sofferenza. L\u2019amore di Tosca per Mario Cavaradossi, ricambiato, \u00e8 da fotoromanzo. L\u2019invidia e la passione di Scarpia per Mario e Tosca \u00e8 morboso. Alla fine la morte dei protagonisti rende quest\u2019opera, forse la pi\u00f9 drammaticamente riuscita di Giacomo Puccini.<\/p>\n<p>&#8212;&#8212;&#8212;&#8212;&#8212;&#8212;&#8212;&#8212;&#8212;&#8212;&#8212;&#8212;&#8212;&#8212;&#8212;&#8212;&#8211;<\/p>\n<p>29 Agosto 2014 &#8211; ore: 20.00<br \/>\nCHIESA DI SANTA MARIA DI COSTANTINOPOLI (Baronissi &#8211; Sa)<\/p>\n<p>&#8211; Quintetto &#8216;900 &#8211;<\/p>\n<p class=\"p1\">Flauto: Maril\u00f9 Grieco<br \/>\nOboe: Umberto D\u2019Angelo<br \/>\nClarinetto: Giuseppe Scotto Galletta<br \/>\nCorno: Luca Martingano<br \/>\nFagotto: Antonello Capone<\/p>\n<p><strong>Presentazione<\/strong><br \/>\nIl concerto del Quintetto 900 formato da Maril\u00f9 Grieco, Umberto D\u2019Angelo, Giuseppe Scotto Galletta, Luca Martingano, Antonello Capone che eseguir\u00e0 musiche dal 700 fino ai nostri giorni .<\/p>\n<p>&#8212;&#8212;&#8212;&#8212;&#8212;&#8212;&#8212;&#8212;&#8212;&#8212;&#8212;&#8212;&#8212;&#8212;&#8212;&#8212;&#8211;<\/p>\n<p>31 Agosto 2014 &#8211; ore: 20.00<br \/>\nPalazzo Mezzacapo &#8211; (Maiori Sa)<\/p>\n<p>&#8211; I tre tenori-<\/p>\n<p>Ignacio Encinas<br \/>\nFabio Andreotti<br \/>\nSebastian Ferrada<\/p>\n<p><strong>Presentazione<br \/>\n<\/strong>I tre tenori Ignacio Encinas, Fabio Andreotti, Sebastian Ferrada, accompagnati dalla Grande Orchestra Sinfonica Tchaikovsky di 70 elementi diretta da Leonardo Quadrini, faranno rivivere il meraviglioso concerto delle Terme di Caracalla di Roma del 1990 quando sul palco salirono Placido Domingo, Luciano Pavarotti e Jos\u00e8 Carreras.<\/p>\n<p>&#8212;&#8212;&#8212;&#8212;&#8212;&#8212;&#8212;&#8212;&#8212;&#8212;&#8212;&#8212;&#8212;&#8212;&#8212;&#8212;&#8211;<\/p>\n<p>6 Settembre 2014 &#8211; ore 20:00<br \/>\nChiostro del palazzo Vanvitelliano (Mercato San Severino &#8211; SA)<\/p>\n<p>&#8211; Chitarra Sirena di Enzo Amato-<\/p>\n<p>Enzo Amato \/ Chitarra<br \/>\nCarolina Aterrano \/ Ballerina<br \/>\nRosario Scotti Di Carlo\/ Percussioni<\/p>\n<p><strong>Presentazione<br \/>\n<\/strong>\u201cChitarra Sirena\u201d viaggio nel mito di Parthenope con Enzo Amato, Valentina Aterrano e Rosario Scotti Di Carlo.<br \/>\nUno spettacolo di chitarra, danza e percussioni.<\/p>\n<p>&#8212;&#8212;&#8212;&#8212;&#8212;&#8212;&#8212;&#8212;&#8212;&#8212;&#8212;&#8212;&#8212;&#8212;&#8212;&#8212;&#8211;<\/p>\n<p>7 Settembre 2014 &#8211; ore 20:00<br \/>\nTeatro Comunale di Coperchia (Pellezzano &#8211; SA)<\/p>\n<p>&#8211; Daniele Ingiosi \/ Fisarmonica &#8211;<\/p>\n<p><strong>Presentazione<br \/>\n<\/strong>Il viaggio straordinario della fisarmonica di Daniele Ingiosi Il 7 settembre alle ore 20.00 nel teatro comunale di Coperchia di Pellezzano partir\u00e0 dalle melodie classiche napoletane del 700 e approder\u00e0 ai meravigliosi ritmi e melodie dei tanghi di Piazzolla. Da Napoli a Buenos Aires \u00e8 il titolo del concerto.<\/p>\n<p>&#8212;&#8212;&#8212;&#8212;&#8212;&#8212;&#8212;&#8212;&#8212;&#8212;&#8212;&#8212;&#8212;&#8212;&#8212;&#8212;&#8211;<\/p>\n<p>20 Settembre 2014 &#8211; ore 20:00<br \/>\nChiesa di San Nazario e Celso (Bracigliano &#8211; SA)<\/p>\n<p>&#8211; Duo Corvino\/Volpe &#8211;<\/p>\n<p>Margherita Volpe\/Pianoforte<br \/>\nAnna Corvino\/Soprano<\/p>\n<p><strong>Presentazione<\/strong><br \/>\n\u201cArie di opere e operette del \u2019800 \u201d del duo Anna Corvino soprano e Margherita Volpe pianoforte<\/p>\n<p>&#8212;&#8212;&#8212;&#8212;&#8212;&#8212;&#8212;&#8212;&#8212;&#8212;&#8212;&#8212;&#8212;&#8212;&#8212;&#8212;&#8211;<\/p>\n<p>25 settembre 2014 &#8211; ore 20:00<br \/>\nArciconfraternita del SS Rosario, Piazza Umberto I (Fisciano- Sa)<\/p>\n<p>&#8211; Lello Giulivo e Ciro Cascino &#8211;<\/p>\n<p>Lello Giulivo\/Cantante<br \/>\nCiro Cascino\/Pianoforte<\/p>\n<p><strong>Presentazione<\/strong><br \/>\nIl noto attore e cantante Lello Giulivo ci guider\u00e0 nel fantastico mondo della canzone classica napoletana d\u2019autore accompagnato al pianoforte da Ciro Cascino.[\/vc_column_text][\/vc_tab][vc_tab title=&#8221;XVII Edizione 2015&#8243; tab_id=&#8221;1498655201894-16-4&#8243;][vc_column_text]9 Agosto 2015 &#8211; ore: 21.30<br \/>\nPalazzo Mezzacapo Maiori \u2013 SA<\/p>\n<p>Mascagni, Puccini, Verdi<br \/>\nOrchestra &#8220;Bulgarian Classic&#8221;<br \/>\nDirettore &#8220;Maurizio Dones&#8221;<\/p>\n<p><strong>Presentazione<\/strong><br \/>\nL\u2019Orchestra Bulgarian Classic diretta da Maurizio Dones eseguir\u00e0 le sinfonie e arie d\u2019opera pi\u00f9 famose del teatro operistico del 1800.<\/p>\n<p>&#8212;&#8212;&#8212;&#8212;&#8212;&#8212;&#8212;&#8212;&#8212;&#8212;&#8212;&#8212;&#8212;&#8212;&#8212;&#8212;&#8211;<\/p>\n<p>21 Agosto 2015 &#8211; ore: 21:30<br \/>\nPalazzo Mezzacapo Maiori \u2013 SA<\/p>\n<p>&#8211; Concerto Jazz\/Sonora Sax Quartet &#8211;<\/p>\n<p>Sonora Sax Quartet<br \/>\nSax Soprano: Domenico Luciano<br \/>\nSax Alto: Silvio Rossomando<br \/>\nSax Tenore: Attilio Foglia<br \/>\nSax Baritono: Luigi Migliorino<\/p>\n<p><strong>Presentazione<\/strong><br \/>\nConcerto jazz ma non solo con un programma che spazia dalla musica classica alla musica jazz \u201cI Sonora sax quartet\u201d guideranno gli spettatori in un mondo di accordi Blues e di settime eccedenti<\/p>\n<p>&#8212;&#8212;&#8212;&#8212;&#8212;&#8212;&#8212;&#8212;&#8212;&#8212;&#8212;&#8212;&#8212;&#8212;&#8212;&#8212;&#8211;<\/p>\n<p>28 Agosto 2015 &#8211; ore: 20.30<br \/>\nSant\u2019Angelo di Ogliara \u2013 SA<\/p>\n<p>&#8211; Solo Tango di Daniele Ingiosi &#8211;<\/p>\n<p>Musiche e arrangiamenti di Daniele Ingiosi<\/p>\n<p><strong>Presentazione<\/strong><br \/>\nSolo Tango \u00e8 un originale progetto del M\u00b0 Daniele Ingiosi, il quale ha trascritto, arrangiato e composto tutti i brani in programma per \u201cBayan\u201d solo<\/p>\n<p>&#8212;&#8212;&#8212;&#8212;&#8212;&#8212;&#8212;&#8212;&#8212;&#8212;&#8212;&#8212;&#8212;&#8212;&#8212;&#8212;&#8211;<\/p>\n<p>30 Agosto 2015 &#8211; ore 21:00<br \/>\nArena del Mare \u2013 Salerno<\/p>\n<p>&#8211; Cavalleria Rusticana\/Pietro Mascagni-<\/p>\n<p>direttore Leonardo Quadrini<br \/>\nregia Vito Cesaro<\/p>\n<p><strong>Interpreti<\/strong><br \/>\nsoprano Cristina Martufi, Santuzza<br \/>\ntenore Ignacio Encinas, Turiddu<br \/>\nbaritono Carmine Monaco, Alfio<br \/>\nmezzosoprano Fernanda Costa Lola<br \/>\ncontralto Daniela Iliuta Mamma Lucia<\/p>\n<p><strong>Presentazione<\/strong><br \/>\nL\u2019opera pi\u00f9 eseguita del maestro livornese che si \u00e8 ritagliato uno spazio importante nel panorama del teatro operistico del secolo scorso.<\/p>\n<p>&#8212;&#8212;&#8212;&#8212;&#8212;&#8212;&#8212;&#8212;&#8212;&#8212;&#8212;&#8212;&#8212;&#8212;&#8212;&#8212;&#8211;<\/p>\n<p>6 Settembre 2015 &#8211; ore 20:30<br \/>\nPalazzo De Simone (Bracigliano \u2013 SA)<\/p>\n<p>&#8211; Manguso Trio &#8211;<br \/>\nRepertorio di canzoni dagli anni 30 ai giorni nostri<\/p>\n<p>Voce \u201d Paola Forleo\u201d<br \/>\nChitarra \u201cCarlo Manguso\u201d<br \/>\nBasso \u201cRoberto Valletta\u201d<\/p>\n<p><strong>Presentazione<\/strong><br \/>\nIl Manguso trio ha raggiunto alte vette interpretative grazie alla bellezza degli arrangiamenti originali. Il repertorio spazia dalle canzoni degli anni venti a quelle dei giorni nostri.<\/p>\n<p>&#8212;&#8212;&#8212;&#8212;&#8212;&#8212;&#8212;&#8212;&#8212;&#8212;&#8212;&#8212;&#8212;&#8212;&#8212;&#8212;&#8211;<\/p>\n<p>11 Settembre 2015 &#8211; ore 20:30<br \/>\nArciconfraternita del SS Rosario (Fisciano\u2013SA)<\/p>\n<p>&#8211; DUO GALIETTO MADDALUNO &#8211;<br \/>\nMusiche classiche e popolari del passato<\/p>\n<p>Cristina Galietto \/ Chitarra<br \/>\nFederico Maddaluno \/ Mandolino<\/p>\n<p><strong>Presentazione<\/strong><br \/>\nCristina Galietto e Federico Maddaluno sono un Duo di Giovanissimi talenti napoletani si esibiscono in una perfomances di bellezza rara che percorre la musica classica e popolare attraverso le pi\u00f9 belle melodie del passato<\/p>\n<p>&#8212;&#8212;&#8212;&#8212;&#8212;&#8212;&#8212;&#8212;&#8212;&#8212;&#8212;&#8212;&#8212;&#8212;&#8212;&#8212;&#8211;<\/p>\n<p>19 settembre 2015 \u2013 ore 20.00<br \/>\nTeatro Comunale (Pellezzano &#8211; SA)<\/p>\n<p>&#8211; Duo Severini Musella &#8211;<\/p>\n<p>Federica Severini\/Violinista<br \/>\nGennaro Musella\/Pianista<\/p>\n<p><strong>Presentazione<\/strong><br \/>\nUna giovanissima violinista salernitana accompagnata al pianoforte da un altrettanto giovane pianista, renderanno omaggio a Jean Sibelius nel 150\u00b0 anniversario della nascita (1865)<\/p>\n<p>&#8212;&#8212;&#8212;&#8212;&#8212;&#8212;&#8212;&#8212;&#8212;&#8212;&#8212;&#8212;&#8212;&#8212;&#8212;&#8212;&#8211;<\/p>\n<p>25 settembre 2015 \u2013 ore 20.00<br \/>\nPalazzo Vanvitelliano (Mercato San Severino &#8211; SA)<\/p>\n<p>&#8211; Max Fuschetto in Tour &#8211;<br \/>\nBrani tratti dal CD S\u00f9n n\u00e0<\/p>\n<p>Vocals: Antonella Pelilli<br \/>\nMusicians: Max Fuschetto oboe, sax soprano, piano, Rhodes, electric, acustic and classic guitar,<br \/>\nElectronics:<br \/>\nPasquale Capobianco guitars<br \/>\nValerio Mola double bass<\/p>\n<p><strong>Presentazione<\/strong><br \/>\nMax Fuschetto compositore di origine beneventane ma napoletano di formazione presenta l\u2019ultimo lavoro discografico del 2015, con l\u2019ausilio della cantante Antonella Pelilli autrice dei testi e principale interprete del lavoro<br \/>\n[\/vc_column_text][\/vc_tab][vc_tab title=&#8221;XVIII Edizione 2016&#8243; tab_id=&#8221;1498655239848-17-7&#8243;][vc_column_text]Domenica 28 Agosto 2016 &#8211; ore: 21.00<br \/>\nARENA DEL MARE (Salerno)<\/p>\n<p>&#8211; Concerto Grosso per i New Trolls &#8211;<\/p>\n<p class=\"p1\"><strong>Presentazione<\/strong><br \/>\nUna serata cult per Salerno con uno dei Miti degli anni 70\/80 del Rock\/progressive con Grande Orchestra Sinfonica; un Mito \u2026Vittorio De Scalzi, un\u2019altra icona del pop con la grande orchestra a celebrare in questo festival i 45 anni dalla pubblicazione \u201cConcerto Grosso\u201d n\u00b0 1 \u201cche fece epoca con le musiche di Luis Bacalov con orchestra e poi \u201cConcerto Grosso\u201d n\u00b0 2 e le tante canzoni di successo (Quella carezza della sera, Aldebara. ecc.) che il pubblico apprezzer\u00e0 ed accompagner\u00e0!<\/p>\n<p class=\"p1\">Vittorio De Scalzi \/ voce, pianoforte, chitarra<br \/>\nTrio In-Cantus e Nicola Napolitano \/ voci<br \/>\nApogeo Band \/ gruppo musicale<br \/>\nGRANDE ORCHESTRA POP SINFONICA<br \/>\ndella REPUBBLICA DI UDMURTIA \/ orchestra con 70 elementi<br \/>\nLeonardo Quadrini \/ Direttore<br \/>\nVeaceslav Quadrini Ceaicovschi \/ violino Solista<br \/>\n(ricostruzioni musicali storiche di Veaceslav Quadrini,<br \/>\nMarcin Zielinski, Gabriel Almasi).<\/p>\n<p>&#8212;&#8212;&#8212;&#8212;&#8212;&#8212;&#8212;&#8212;&#8212;&#8212;&#8212;&#8212;&#8212;&#8212;&#8212;&#8212;&#8211;<\/p>\n<p>Mercoled\u00ec 31 Agosto 2016 &#8211; ore: 21.00<br \/>\nARENA DEL MARE (Salerno)<\/p>\n<p>&#8211; Cinemusica. Le colonne sonore pi\u00f9 celebri della stroia del cinema &#8211;<\/p>\n<p class=\"p1\">Pianoforte \/ Alessandro Vena<br \/>\nOrchestra Sinfonica \/ Tchaikovsky<br \/>\nNikolai Rogotnev \/ Direttore<\/p>\n<div class=\"vc_row wpb_row vc_row-fluid\">\n<div class=\"wpb_column vc_column_container vc_col-sm-8\">\n<div class=\"vc_column-inner \">\n<div class=\"wpb_wrapper\">\n<div class=\"wpb_text_column wpb_content_element \">\n<div class=\"wpb_wrapper\">\n<h4 class=\"p1\">Presentazione<\/h4>\n<p class=\"p1\">Per la prima volta a Salerno \u00e8 lo spettacolo programmato per il 31 agosto all\u2019Arena del Mare, ore 21.00. Le pi\u00f9 belle colonne sonore della storia del cinema saranno eseguite dall\u2019Orchestra Sinfonica russa sotto la direzione di <strong>Nikolaj Rogotnev<\/strong> accompagnate dalle immagini pi\u00f9 suggestive dei films proiettate su un mega schermo allestito appositamente per lo spettacolo.<\/p>\n<\/div>\n<\/div>\n<\/div>\n<\/div>\n<\/div>\n<\/div>\n<p>&#8212;&#8212;&#8212;&#8212;&#8212;&#8212;&#8212;&#8212;&#8212;&#8212;&#8212;&#8212;&#8212;&#8212;&#8212;&#8212;&#8211;<\/p>\n<p>Venerd\u00ec 2 Settembre 2016 &#8211; ore: 21.00<br \/>\nARENA DEL MARE (Salerno)<\/p>\n<p>&#8211; Aida \/ Melodramma in 4 atti \/ Musica di G. Verdi &#8211;<\/p>\n<div class=\"vc_row wpb_row vc_row-fluid\">\n<div class=\"wpb_column vc_column_container vc_col-sm-8\">\n<div class=\"vc_column-inner \">\n<div class=\"wpb_wrapper\">\n<div class=\"wpb_text_column wpb_content_element \">\n<div class=\"wpb_wrapper\">\n<p class=\"p1\">Direttore \/ Massimo Testa<br \/>\nOrchestra \/ Tchaikovsky<br \/>\nCoro Lirico di Romania<br \/>\nGianni Gualdoni \/ Regia<\/p>\n<\/div>\n<\/div>\n<\/div>\n<\/div>\n<\/div>\n<\/div>\n<div class=\"vc_row wpb_row vc_row-fluid\">\n<div class=\"wpb_column vc_column_container vc_col-sm-8\">\n<div class=\"vc_column-inner \">\n<div class=\"wpb_wrapper\">\n<div class=\"wpb_text_column wpb_content_element \">\n<div class=\"wpb_wrapper\">\n<p class=\"p1\"><span class=\"s1\">Personaggi ed Interpreti<\/span><\/p>\n<p class=\"p1\"><span class=\"s1\"><strong>Aida<\/strong> \/ <\/span><span class=\"s1\">Rossana Cardia<br \/>\n<\/span><span class=\"s1\"><strong>Il Re<\/strong> \/ <\/span><span class=\"s1\">Gianfranco Zuccarino<br \/>\n<\/span><span class=\"s1\"><strong>Amneris<\/strong> \/ <\/span><span class=\"s1\">Gabriella Colecchia<br \/>\n<\/span><span class=\"s1\"><strong>Radames<\/strong> \/ <\/span><span class=\"s1\">Ignacio Encinas<br \/>\n<\/span><span class=\"s1\"><strong>Amonasro<\/strong> \/ <\/span><span class=\"s1\">Antonio Stragapede<br \/>\n<\/span><span class=\"s1\"><strong>Ramfis<\/strong> \/ <\/span><span class=\"s1\">Carmine Monaco<br \/>\n<\/span><span class=\"s1\"><strong>Il messaggero<\/strong> \/ <\/span><span class=\"s1\">Francesco Fortes<br \/>\n<\/span><span class=\"s1\"><strong>Grande sacerdotessa<\/strong> \/ <\/span><span class=\"s1\">Daniela Iliuta<br \/>\n<\/span><span class=\"s1\"><strong>Coreografie e Balletto<\/strong> \/ <\/span><span class=\"s1\">ARTE ARABESQUE \/ <\/span><span class=\"s1\">solista Giuseppe Protano <\/span><\/p>\n<\/div>\n<\/div>\n<\/div>\n<\/div>\n<\/div>\n<\/div>\n<p>&#8212;&#8212;&#8212;&#8212;&#8212;&#8212;&#8212;&#8212;&#8212;&#8212;&#8212;&#8212;&#8212;&#8212;&#8212;&#8212;&#8211;<\/p>\n<p>Domenica 11 Settembre 2016 &#8211; ore 20:00<br \/>\nChiesa San Michele Arcangelo (Rufoli &#8211; SA)<\/p>\n<div class=\"vc_row wpb_row vc_row-fluid\">\n<div class=\"wpb_column vc_column_container vc_col-sm-8\">\n<div class=\"vc_column-inner \">\n<div class=\"wpb_wrapper\">\n<div class=\"wpb_text_column wpb_content_element \">\n<div class=\"wpb_wrapper\">\n<p class=\"p1\">&#8211; Arpa e Flauto-<\/p>\n<p class=\"p1\">Arpa \/ Valentina Milite<br \/>\nFlauto Michele Barbarulo<\/p>\n<p>&#8212;&#8212;&#8212;&#8212;&#8212;&#8212;&#8212;&#8212;&#8212;&#8212;&#8212;&#8212;&#8212;&#8212;&#8212;&#8212;&#8211;<\/p>\n<\/div>\n<\/div>\n<div class=\"vc_row wpb_row vc_row-fluid\">\n<div class=\"wpb_column vc_column_container vc_col-sm-8\">\n<div class=\"vc_column-inner \">\n<div class=\"wpb_wrapper\">\n<div class=\"wpb_text_column wpb_content_element \">\n<div class=\"wpb_wrapper\">\n<p>Domenica 18 Settembre 2016 &#8211; ore 19:30<br \/>\nPalazzo De Simone (Bracigliano &#8211; SA)<\/p>\n<p>&#8211; Classic Jazz Quartet &#8211;<\/p>\n<p class=\"p1\">Batteria \/ Cristiano de Pascale<br \/>\nBasso \/ Davide Di Sauro<br \/>\nPiano \/ Remo Iannini<br \/>\nSAX \/ Fabio Montefoschi<\/p>\n<\/div>\n<\/div>\n<\/div>\n<\/div>\n<\/div>\n<\/div>\n<div class=\"vc_row wpb_row vc_row-fluid\">\n<div class=\"wpb_column vc_column_container vc_col-sm-8\">\n<div class=\"vc_column-inner \">\n<div class=\"wpb_wrapper\">\n<div class=\"wpb_text_column wpb_content_element \">\n<div class=\"wpb_wrapper\">\n<p class=\"p1\"><strong>Presentazione<\/strong><\/p>\n<p>Nello scenario di Palazzo De Simone di Bracigliano si esibir\u00e0 il Classic Jazz Quartet composto da quattro musicisti che spazieranno da famosi standard Jazz di Charlie Parker Paul Desmond Stevie Wonder Chik Corea, una serata da non perdere.<\/p>\n<p>&#8212;&#8212;&#8212;&#8212;&#8212;&#8212;&#8212;&#8212;&#8212;&#8212;&#8212;&#8212;&#8212;&#8212;&#8212;&#8212;&#8211;<\/p>\n<\/div>\n<div class=\"vc_row wpb_row vc_row-fluid\">\n<div class=\"wpb_column vc_column_container vc_col-sm-8\">\n<div class=\"vc_column-inner \">\n<div class=\"wpb_wrapper\">\n<div class=\"wpb_text_column wpb_content_element \">\n<div class=\"wpb_wrapper\">\n<p>Domenica 25 Settembre 2016 &#8211; ore 19:30<br \/>\nPalazzo De Simone (Bracigliano &#8211; SA)<\/p>\n<p>&#8211; Concerto a 4 mani-<\/p>\n<p class=\"p1\">Pianoforte \/ Lorenzo Fiscella<br \/>\nPianoforte \/ Cristina Iuliano<\/p>\n<\/div>\n<\/div>\n<\/div>\n<\/div>\n<\/div>\n<\/div>\n<div class=\"vc_row wpb_row vc_row-fluid\">\n<div class=\"wpb_column vc_column_container vc_col-sm-8\">\n<div class=\"vc_column-inner \">\n<div class=\"wpb_wrapper\">\n<div class=\"wpb_text_column wpb_content_element \">\n<div class=\"wpb_wrapper\">\n<p class=\"p1\"><strong>Presentazione<\/strong><\/p>\n<p>Palazzo De Simone, Bracigliano ultimo appuntamento dell\u2019 Irnofestival con l\u2019esibizione al pianoforte a 4 mani di Lorenzo Fiscella e Cristina Iuliano una serata da non perdere.<\/p>\n<\/div>\n<\/div>\n<\/div>\n<\/div>\n<\/div>\n<\/div>\n<div class=\"wpb_wrapper\"><\/div>\n<\/div>\n<\/div>\n<\/div>\n<\/div>\n<\/div>\n<\/div>\n<\/div>\n<\/div>\n<\/div>\n<div class=\"vc_row wpb_row vc_row-fluid\"><\/div>\n<p>[\/vc_column_text][\/vc_tab][vc_tab title=&#8221;XIX Edizione 2017&#8243; tab_id=&#8221;1527765782631-18-3&#8243;][vc_column_text]Mercoled\u00ec 12 Luglio 2017 &#8211; ore: 21.00<br \/>\nARENA DEL MARE (Salerno)<\/p>\n<p><strong>Il grande Jazz<\/strong><br \/>\nGiovanni Amato Quartet \/ Special Guest &#8220;Francesco Cafiso&#8221;<\/p>\n<p><strong>Presentazione<\/strong><br \/>\nFormazione eccezionale composta da alcuni dei migliori talenti del panorama jazzistico nazionale e arricchita dall\u2019ospite Francesco Cafiso il pi\u00f9 precoce talento nella storia del jazz Italiano, riconosciuto dalla critica internazionale come uno dei migliori sassofonisti al mondo. La band interpreta un repertorio di celebri standard completamente rivisitati da Giovanni Amato da sembrare nuove composizioni e brani originali dello stesso leader. Un\u2019occasione per offrire al pubblico uno spettacolo unico.<\/p>\n<p><strong>Giovanni Amato \/<\/strong> Tromba e Flicorno<br \/>\n<strong>Francesco Cafiso \/ <\/strong>Sax Alto<br \/>\n<strong>Gianluca Figliola \/ <\/strong>Chitarra<br \/>\n<strong>Alberto Gurrisi \/ <\/strong>Hammond<br \/>\n<strong>Marco Valeri \/ <\/strong>Batteria<\/p>\n<p>&#8212;&#8212;&#8212;&#8212;&#8212;&#8212;&#8212;&#8212;&#8212;&#8212;&#8212;&#8212;&#8212;&#8212;&#8212;&#8212;&#8211;<\/p>\n<p>Luned\u00ec 28 Agosto 2018 &#8211; ore: 21.00<br \/>\nARENA DEL MARE (Salerno)<\/p>\n<p><strong>Fiaba Musicale e concerto pianistico<\/strong><\/p>\n<p>P.I Tchaikovsky<br \/>\nCapriccio Italiano<br \/>\nS.Rachmaninov<br \/>\nConcerto n\u00b0 1 op. 1<br \/>\nA. Borodin<br \/>\nDanze Polovesiane<\/p>\n<p><strong>Lucio Grimaldi \/<\/strong> pianista<\/p>\n<p>Pierino e il lupo<br \/>\n<strong>Edoardo Siravo \/<\/strong> voce recitante<\/p>\n<p>Grande Orchestra sinfonica \u201cTchaikovski\u201d<br \/>\n<strong>Leonardo Quadrini \/<\/strong> direttore<\/p>\n<p>&#8212;&#8212;&#8212;&#8212;&#8212;&#8212;&#8212;&#8212;&#8212;&#8212;&#8212;&#8212;&#8212;&#8212;&#8212;&#8212;&#8211;<\/p>\n<p>Marted\u00ec 29 Agosto 2017 &#8211; ore: 21.00<br \/>\nARENA DEL MARE (Salerno)<\/p>\n<p><strong>Renata Fusco in \u201cAll of me\u201d<\/strong><br \/>\nDal Musical al Jazz, dalla Canzone Napoletana al Mondo Disneyano attraverso melodie celebri<\/p>\n<p><strong><br \/>\nPresentazione<br \/>\n<\/strong>Un concerto spettacolo sul filo della memoria.<br \/>\nUn gruppo di artisti napoletani di grande versatilit\u00e0 ed incisivit\u00e0 interpretativa si esprimono attraverso stili diversi dalle sonorit\u00e0 accattivanti e appassionate, alla ricerca di nuove identit\u00e0, frutto di contaminazione e sperimentazione musicale. Un viaggio attraverso generi diversi, atmosfere sonore contrastanti, rievocando luoghi ed esperienze di vita vissuta e condivisa sulla scena; un succedersi di melodie celebri che vanno dal Musical (Cabaret, Chicago, Grease, Cats), al Jazz (C. Porter, G. Gershwin), per poi rievocare il sogno, attraverso la rassicurante familiarit\u00e0 di brani disneyani ed infine ritrovare senso di appartenenza nel calore della canzone napoletana, che \u00e8 poesia e tradizione. Frammenti d\u2019identit\u00e0 artistica, versatilit\u00e0 musicale, commistione di stili, memoria di esperienze. Nelle scelte musicali, nella suadente vocalit\u00e0 di Renata Fusco, negli accattivanti arrangiamenti di Filippo D\u2019Allio e Mimmo Napolitano, nella sapienza esecutiva di ciascun elemento del gruppo, una continua ricerca di grazia, di stile, di affinit\u00e0 tra generi lontani. Il risultato prodotto \u00e8 di grande impatto evocativo. Alla singola \u2018voce\u2019 si aggiungono, si alternano e si succedono le \u2018voci\u2019 degli strumenti in una condivisione musicale che \u00e8 metafora di gioco, di vita, d\u2019esperienza comune. Un viaggio\u2026.che parte da \u2018All of Me\u2019 per giungere a \u2026.All of Us!<\/p>\n<p><strong>Giuseppe Di Colandrea \/ <\/strong>sax e clarinetti<br \/>\n<strong>Filippo D\u2019Allio \/ <\/strong>chitarre<br \/>\n<strong>Mimmo Napolitano \/<\/strong> pianoforte<br \/>\n<strong>Luigi Sigillo \/ <\/strong>basso e contrabbasso<br \/>\n<strong>Gianluca Mirra \/ <\/strong>batteria<\/p>\n<p><strong>Filippo D\u2019Allio<br \/>\ne Mimmo Napolitano \/ <\/strong>arrangiamenti<\/p>\n<p>&#8212;&#8212;&#8212;&#8212;&#8212;&#8212;&#8212;&#8212;&#8212;&#8212;&#8212;&#8212;&#8212;&#8212;&#8212;&#8212;&#8211;<\/p>\n<p>Mercoled\u00ec 30 Agosto 2017 &#8211; ore: 21.00<br \/>\nARENA DEL MARE (Salerno)<\/p>\n<p><strong>Tiziano Citro<\/strong><br \/>\n<strong>TEMPO DI SINFONIA<\/strong><\/p>\n<p><strong>Carl Orff<\/strong><br \/>\n<strong>CARMINA BURANA<\/strong><br \/>\n<strong>Cantiones profanae<\/strong><\/p>\n<p><strong>Diana Bucur \/<\/strong> Soprano<br \/>\n<strong>Carlo Putelli \/<\/strong> Tenore<br \/>\n<strong>Juan Possidente \/<\/strong> Baritono<br \/>\n<strong>Lucio Grimaldi \/<\/strong> pianoforte<br \/>\n<strong>Tetyana Sapeshko \/<\/strong> pianoforte<\/p>\n<p>Grande Orchestra Sinfonica \u201cTchaikovsky\u201d di Udmurtia (Russia)<br \/>\nCoro lirico di Craiova e Brasov (Romania)<br \/>\nCoro di voci bianche \u201cGesualdo\u201d<br \/>\nDirettore di Coro Cinzia Camillo<br \/>\ndirettore Nikolai Rogotnev<\/p>\n<p>&#8212;&#8212;&#8212;&#8212;&#8212;&#8212;&#8212;&#8212;&#8212;&#8212;&#8212;&#8212;&#8212;&#8212;&#8212;&#8212;&#8211;<\/p>\n<p>Venerd\u00ec 1 Settembre 2017 &#8211; ore: 21.00<br \/>\nARENA DEL MARE (Salerno)<\/p>\n<p><strong>La grande Lirica<\/strong><br \/>\n<strong>&#8220;Rigoletto&#8221; di G. Verdi<\/strong><br \/>\n<strong>Melodramma in tre atti<\/strong><br \/>\n<strong>Prima rappresentazione venezia 1851<\/strong><\/p>\n<p>Personaggi<br \/>\nGILDA, Soprano Fernanda COSTA;<br \/>\nGIOVANNA, Mezzosoprano Silvia COZZOLINO<br \/>\nDUCA DI MANTOVA, Tenore Ignacio ENCINAS ;<br \/>\nRIGOLETTO, Baritono, Andrea CARNEVALE;<br \/>\nSPARAFUCILE, Basso Sorin DRANICEANU;<br \/>\nIL CONTE DI MONTERONE, Baritono Gianfranco ZUCCARINO<br \/>\nIL CONTE DI CEPRANO, Basso Stefano RUSSO;<br \/>\nMARULLO, Baritono Pietro BARBIERI<br \/>\nMATTEO BORSA, Michele NATALE;<br \/>\nCONTESSA DI CEPRANO, Mezzosoprano Annarita Di GIOVINE ARDITO<br \/>\nMADDALENA, CONTRALTO Beatrice AMATO;<br \/>\nCAVALIERI, DAME. PAGGI, ALABARDIERI \u2013 CORO;<\/p>\n<p>ASSISTENTE regia ; Vincenzo Maria SARINELLI<br \/>\nDIRETTORE di palcoscenico Veaceslav QUADRINI<br \/>\nSCENE G.GRASSO \u2013 Lucera;<br \/>\nALLESTIMENTO e ARREDAMENTI ROSSI \u2013 Caserta;<br \/>\nCOSTUMI Shangrill\u00e0 \u2013 Foggia;<br \/>\nAUDIO e LUCI ZARZACA \u2013 Caserta;<br \/>\nORCHESTRA<br \/>\nTchaikovky<br \/>\nCORO<br \/>\nTeatro dell\u2019Opera di Craiova e Brasov<br \/>\nMAESTRO DEL CORO<br \/>\nPino MAIORANO<br \/>\nDIRETTORE<br \/>\nMassimo TESTA<br \/>\nREGIA<br \/>\nAntonio De Lucia[\/vc_column_text][\/vc_tab][vc_tab title=&#8221;XX Edizione 2018&#8243; tab_id=&#8221;1563349801880-19-4&#8243;][vc_column_text]<\/p>\n<p class=\"p1\">Marted\u00ec 28 agosto 2018<br \/>\nAtrio del Duomo di Salerno \/ ore 21:00<\/p>\n<p class=\"p1\"><strong>Emilio Aversano<\/strong> \/ Pianoforte<br \/>\n<strong>Massimo Belli<\/strong> \/ Direttore<br \/>\n<strong>Cameristi del Maggio Musicale Fiorentino<\/strong><\/p>\n<p><strong>Programma<br \/>\n<\/strong>Concerto pianistico<\/p>\n<p><strong>Descrizione<br \/>\n<\/strong>I Cameristi del Maggio Musicale Fiorentino,<br \/>\ndiretti dal m\u00b0 Massimo Belli,<br \/>\neseguiranno un repertorio classico del settecento.<br \/>\nSolista ed interprete d\u2019eccezione<br \/>\nil pianista salernitano Emilio Aversano,<br \/>\nnoto per le sue maratone pianistiche.<\/p>\n<p><strong>Musiche<br \/>\n<\/strong><strong>F. J. Haydn<\/strong> Sinfonia n.47 \u201cLa Passione\u201d<br \/>\n<strong>W. A. Mozart<\/strong> Concerto k 488 in la magg.<br \/>\n<strong>W. A. Mozart<\/strong> Sinfonia n.40 in sol min.<\/p>\n<p>&nbsp;<\/p>\n<hr \/>\n<p>&nbsp;<\/p>\n<p>Gioved\u00ec\u2019 30 agosto 2018<br \/>\nAtrio del Duomo di Salerno \/ ore 21.00<\/p>\n<p><strong>&#8220;Le parole note&#8221;<\/strong><\/p>\n<p class=\"p1\"><strong>Giancarlo Giannini<\/strong> \/ attore e doppiatore<br \/>\n<strong>Marco Zurzolo 4TET<\/strong><\/p>\n<p><strong>Programma<br \/>\n<\/strong>Recital<\/p>\n<p><strong>Descrizione<\/strong><br \/>\nL\u2019illustre maestro della cinematografia italiana<br \/>\nGiancarlo Giannini presta la sua calda e sensuale voce<br \/>\ne la sua inimitabile presenza scenica per interpretare<br \/>\n\u201cLe Parole Note\u201d di Shakespeare, Neruda, Salinas<br \/>\ned Angiolieri accompagnato dal Marco Zurzolo Quartet.<\/p>\n<p><strong>Letture da<br \/>\n<\/strong>P. Neruda \/ G. Lorca<br \/>\nG.G. Marquez \/ W. Shakes<\/p>\n<p>&nbsp;<\/p>\n<hr \/>\n<p>&nbsp;<\/p>\n<p class=\"p1\">Domenica 2 settembre 2018<br \/>\nAtrio del Duomo di Salerno \/ ore 21.00<\/p>\n<p class=\"p1\"><strong>Quartetto d\u2019archi del Teatro \u201cAlla Scala\u201d<\/strong><\/p>\n<p class=\"p1\"><strong>Francesco Manara<\/strong> \/ Primo violino<br \/>\n<strong>Daniele Pascoletti<\/strong> \/ Secondo violino<br \/>\n<strong>Simonide Braconi<\/strong> \/ Viola<br \/>\n<strong>Massimo Polidori<\/strong> \/ Violoncello<\/p>\n<p><strong>Descrizione<\/strong><br \/>\nUna delle formazioni pi\u00f9 prestigiose al mondo<br \/>\nil Quartetto d\u2019archi del Teatro alla Scala di Milano<br \/>\nsi esibir\u00e0 per la prima volta a Salerno<br \/>\ncon un programma di notevole pregio musicale.<\/p>\n<p><strong>Musiche<br \/>\n<\/strong><strong>F. J. Haydn<\/strong> Quartetto op. 20 n. 2<br \/>\n<strong>F. Schubert<\/strong> Quartettsatz D 703<br \/>\n<strong>G. Verdi<\/strong> Quartetto in mi minore<br \/>\n<strong>O. Respighi<\/strong> Quartetto Dorico<\/p>\n<p>&nbsp;<\/p>\n<hr \/>\n<p>&nbsp;<\/p>\n<p class=\"p1\">Luned\u00ec\u2019 10 settembre 2018<br \/>\nAtrio del Duomo di Salerno \/ ore 21.00<\/p>\n<p class=\"p1\"><strong>Gabriela I<span class=\"st\"><em>\u015f<\/em><\/span>toc<\/strong> \/ Soprano<br \/>\n<strong>Francesco Anile<\/strong> \/ Tenore<br \/>\n<strong>Juan Cantarell Rocha<\/strong> \/ Direttore<br \/>\n<strong>Arad Symphony Orchestra<\/strong><\/p>\n<p><strong>Programma<\/strong><br \/>\nSerata lirica<\/p>\n<p><strong>Descrizione<\/strong><br \/>\nDue protagonisti del panorama lirico internazionale<br \/>\nFrancesco Anile e Gabriela Istoc<br \/>\naccompagnati da una grande orchestra sinfonica<br \/>\ndaranno vita ad un gran gal\u00e0 con un omaggio a Rossini<br \/>\nnel suo 150esimo anniversario della morte.<\/p>\n<p><strong>Musiche<br \/>\n<\/strong><strong>G. Rossini<\/strong><br \/>\nSinfonia da \u201cIl barbiere di Siviglia\u201d<br \/>\nOuverture da \u201cLa Gazza ladra\u201d<br \/>\n\u201cLa Danza\u201d Tarantella<br \/>\nOuverture da \u201cGuglielmo Tell\u201d<br \/>\nOuverture da \u201cCenerentola\u201d<br \/>\n<strong>P. Mascagni<\/strong><br \/>\nIntermezzo da \u201cCavalleria rusticana\u201d<br \/>\n<strong>A. Dvo\u0159\u00e1k<br \/>\n<\/strong>Mesicku na nebi hlubokem da \u201cRusalka\u201d<br \/>\n<strong>R. Leoncavallo<\/strong><br \/>\nVesti la giubba da \u201cPagliacci\u201d<br \/>\n<strong>G. Puccini<br \/>\n<\/strong>O soave fanciulla da \u201cLa Boh\u00e8me\u201d<strong><br \/>\nR. Wagner<\/strong><br \/>\nDich, Teure halle da \u201cTannh\u00e4user\u201d<br \/>\n<strong>G. Puccini<\/strong><br \/>\nVissi d\u2019arte \u2013 E lucevan le stelle da \u201cTosca\u201d<br \/>\nO mio babbino caro da \u201cGianni Schicchi\u201d<br \/>\nNessun dorma da \u201cTurandot\u201d<br \/>\n<strong>A. Catalani<\/strong><br \/>\nEbben ne andr\u00f2 lontana da \u201cLa Wally\u201d[\/vc_column_text][\/vc_tab][vc_tab title=&#8221;XXI Edizione 2019&#8243; tab_id=&#8221;1624263059853-20-3&#8243;][vc_column_text]<\/p>\n<p class=\"p1\">Marted\u00ec 27 agosto 2019<br \/>\nAtrio del Duomo di Salerno \/ ore 21:00<\/p>\n<p class=\"p1\"><strong>La pianista perfetta<\/strong><br \/>\n<strong>di Giuseppe Manfridi<br \/>\ncon Guenda Goria e con Lorenzo Manfridi<br \/>\nregia di Maurizio Scaparro<br \/>\nregista assistente Felice Panico<\/strong><\/p>\n<p><strong>Programma <\/strong><br \/>\nLe musiche eseguite dal vivo sono<br \/>\nquelle che Clara interpretava nei suoi concerti.<br \/>\nR. Schumann<br \/>\nL. van Beethoven<br \/>\nF. Mendelssohn<br \/>\nJ. Brahms<br \/>\nF. Listz<br \/>\nClara Wieck Schumann<\/p>\n<p>&nbsp;<\/p>\n<hr \/>\n<p>&nbsp;<\/p>\n<p>Gioved\u00ec 29 agosto 2019<br \/>\nAtrio del Duomo di Salerno \/ ore 21.00<\/p>\n<p><strong>Concerto<\/strong><br \/>\n<strong>Amaya Fern\u00e0ndez Pozuelo<\/strong> \/ clavicembalo<\/p>\n<p><strong>Programma<\/strong><br \/>\nDomenico Scarlatti<br \/>\nSonata K 1 in re minore \u2013 Allegro<br \/>\nSonata K 213 in re minore \u2013 Andante<br \/>\nSonata K 208 in La maggiore -Adagio e cantabile<br \/>\nSonata K 184 in fa minore \u2013 Allegro<br \/>\nSonata K 115 in do minore \u2013 Allegro<\/p>\n<p>Padre Antonio Soler<br \/>\nSonata n. 84 (R 413) in Re Maggiore \u2013 Allegro<\/p>\n<p>Mateo P\u00e9rez de Alb\u00e9niz<br \/>\nSonata in Re Maggiore \u2013 Presto e gaio<\/p>\n<p>&nbsp;<\/p>\n<hr \/>\n<p>&nbsp;<\/p>\n<p class=\"p1\">Sabato 31 agosto 2019<br \/>\nAtrio del Duomo di Salerno \/ ore 21.00<\/p>\n<p class=\"p1\"><strong>I solisti del Teatro alla Scala di Milano<br \/>\n<\/strong><strong>Fabrizio Meloni<\/strong> \/ clarinetto<br \/>\n<strong>Fabien Thouand<\/strong> \/ oboe<br \/>\n<strong>Gabriele Screpis<\/strong> \/ fagotto<br \/>\n<strong>Jorge Monte de Fez<\/strong> \/ corno<br \/>\n<strong>Emilio Aversano<\/strong> \/ pianoforte<\/p>\n<p><strong>Programma<\/strong><br \/>\nL. van Beethoven<br \/>\nQuintetto in mi bem. magg. op.16<br \/>\nper pianoforte e quartetto di fiati<br \/>\nVariazioni su \u201cL\u00e0 ci darem la mano\u201d di Mozart per ob cl fg<\/p>\n<p>K. Stamitz<br \/>\nQuartetto per ob cl fg cr. Allegro \u2013 andante \u2013 rond\u00f2.<\/p>\n<p>W. A. Mozart<br \/>\nQuintetto K 452 in mi bem. magg.<br \/>\nper pianoforte e quartetto di fiati<\/p>\n<p>&nbsp;<\/p>\n<hr \/>\n<p>&nbsp;<\/p>\n<p class=\"p1\">Mercoled\u00ec 04 settembre 2019<br \/>\nAtrio del Duomo di Salerno \/ ore 21.00<\/p>\n<p class=\"p1\"><strong>Udmurtia Symphony Orchestra <\/strong><br \/>\n<strong>Marco Traverso<\/strong> \/ viola<br \/>\n<strong>Henry Cheng<\/strong> \/ direttore d\u2019orchestra<\/p>\n<p><strong>Programma<\/strong><\/p>\n<p><em>P. I. Tchaikowsky<\/em><br \/>\nCapriccio Italiano op 45<\/p>\n<p><em>J. Brahms<\/em><br \/>\nDanze ungheresi n.1 e n. 5<\/p>\n<p><em>M. Bruch<\/em><br \/>\nRomanza op 85 per viola e orchestra<\/p>\n<p><em>G. Rossini<\/em><br \/>\nOuverture dal \u201cGuglelmo Tell\u201d<\/p>\n<p><em>G. Verdi<\/em><br \/>\nSinfonia dal Nabucco<br \/>\nOuverture da \u201cI Vespri Siciliani\u201d<\/p>\n<p><em>G. Bizet<\/em><br \/>\nSuite N. 1 da Carmen<\/p>\n<p>&nbsp;<\/p>\n<hr \/>\n<p>&nbsp;<\/p>\n<p class=\"p1\">Sabato 07 settembre 2019<br \/>\nAtrio del Duomo di Salerno \/ ore 21.00<\/p>\n<p class=\"p1\"><strong>Appunti di viaggio<br \/>\ncon Lina Sastri\u00a0<\/strong><\/p>\n<p><strong>Spettacolo Musicale<\/strong>[\/vc_column_text][\/vc_tab][vc_tab title=&#8221;XXII edizione 2020&#8243; tab_id=&#8221;1624263061326-21-0&#8243;][vc_column_text]<\/p>\n<p class=\"p1\">Venerd\u00ec 28 agosto 2020<br \/>\nAtrio del Duomo di Salerno \/ ore 21:00<\/p>\n<p class=\"p1\"><strong>La viola romantica:<\/strong><br \/>\n<strong>Luca Ranieri<\/strong> \/ I viola dell&#8217;Orchestra Sinfonica Nazionale della RAI<br \/>\n<strong>Emilio Aversano \/ <\/strong>Pianoforte<strong><br \/>\n<\/strong><\/p>\n<p><strong>Programma <\/strong><br \/>\nL.v. Beethoven<br \/>\nG.Faur\u00e9<br \/>\nM. Bruch<br \/>\nH. Vieuxtemps<\/p>\n<p>&nbsp;<\/p>\n<hr \/>\n<p>&nbsp;<\/p>\n<p>Domenica 30 agosto 2020<br \/>\nAtrio del Duomo di Salerno \/ ore 21.00<\/p>\n<p><strong>Opera e Tango<\/strong><br \/>\n<strong>Fabio Armiliato<\/strong> \/ tenore<br \/>\n<strong>Chiara Giudice<\/strong> \/ soprano<br \/>\n<strong>Fabrizio Mocata<\/strong> \/ pianoforte<br \/>\n<strong>Roberta Melella<\/strong> \/ ballerina di tango<br \/>\n<strong>Donato Coppola<\/strong> \/ ballerina di tango<\/p>\n<p><strong>Programma<\/strong><br \/>\nC.Gardel<br \/>\nA.Villodolo<br \/>\nC.Ramirez<br \/>\nT. Schipa<\/p>\n<p>&nbsp;<\/p>\n<hr \/>\n<p>&nbsp;<\/p>\n<p class=\"p1\">Mecoled\u00ec 01 settembre 2021<br \/>\nAtrio del Duomo di Salerno \/ ore 21.00<\/p>\n<p class=\"p1\"><strong>Ensemble degli Amici del &#8216;700 Napoletano<br \/>\nAnania Maritan \/ <\/strong>violino<strong><br \/>\nAmedeo Colella \/ <\/strong>voce recitante<\/p>\n<p><strong>Programma<\/strong><br \/>\nA. Vivaldi<br \/>\nLe quattro Stagioni<\/p>\n<p>&nbsp;<\/p>\n<hr \/>\n<p>&nbsp;<\/p>\n<p class=\"p1\">Mercoled\u00ec 02 settembre 2021<br \/>\nAtrio del Duomo di Salerno \/ ore 21.00<\/p>\n<p class=\"p1\"><strong>Ottoni della Cappella Musicale Pontificia Sistina <\/strong><strong><br \/>\n<\/strong><strong>TROMBE<br \/>\n<\/strong>Agostini Domenico<br \/>\nDel Monte Samuele<br \/>\nMassimo Luca<br \/>\nOlivelli Leonardo<strong><br \/>\nCORNI<br \/>\n<\/strong>Calabrese Giuseppe<br \/>\nEcca Maria Eleonora<strong><br \/>\nTROMBONI<br \/>\n<\/strong>Vinicio Marco Ferrari<br \/>\nGuidi Davide<strong><br \/>\nEUPHONIUM<br \/>\n<\/strong>Caramaschi Matteo<strong><br \/>\nTUBA<br \/>\n<\/strong>Caretta Alessandro<strong><br \/>\nTIMPANI<br \/>\n<\/strong>Cappelletto Gabriele<\/p>\n<p><strong>Programma<\/strong><br \/>\nG. Gabrieli<br \/>\nJ.S. Bach<br \/>\nG. Verdi<br \/>\nG. Gershwin<\/p>\n<hr \/>\n<p>[\/vc_column_text][\/vc_tab][vc_tab title=&#8221;XXIII Edizione 2021&#8243; tab_id=&#8221;1624263062573-22-6&#8243;][vc_column_text]<\/p>\n<p class=\"p1\">Sabato 28 agosto 2021<br \/>\nAtrio del Duomo di Salerno \/ ore 21:00<\/p>\n<p class=\"p1\"><strong>I solisti del Teatro Alla Scala:<\/strong><br \/>\n<strong>Francesco Di Rosa<\/strong> \/ Oboe<br \/>\n<strong>Fabrizio Meloni \/ <\/strong>Clarinetto<strong><br \/>\nGabriele Screpis \/ <\/strong>Fagotto<strong><br \/>\nTakahiro Yoshikawa \/ <\/strong>Pianoforte<strong><br \/>\n<\/strong><\/p>\n<p><strong>Programma<br \/>\n<\/strong>B. Carulli &#8211; Duetto su \u201cIl Poliuto\u201d di G. Donizetti per oboe, clarinetto e pianoforte<br \/>\nH. Klos\u00e9 &#8211; Fantasia su \u201cLa Sonnambula\u201d di V. Bellini op.20 per oboe, clarinetto e pianoforte<br \/>\nF. Liszt &#8211; Parafrasi sul Rigoletto di G. Verdi per pianoforte<br \/>\nTriebert-Jancourt &#8211; Fantasia concertante su \u201cL\u2019Italiana in Algeri\u201d di G. Rossini per oboe, fagotto e pianoforte<br \/>\nA.Bauer &#8211; Rimembranze dell\u2019opera \u201cI Vespri Siciliani\u201d di G. Verdi per oboe, clarinetto, fagotto e pianoforte<\/p>\n<p>&nbsp;<\/p>\n<hr \/>\n<p>&nbsp;<\/p>\n<p>Domenica 29 agosto 2021<br \/>\nAtrio del Duomo di Salerno \/ ore 21.00<\/p>\n<p><strong>Nuovo Trio Italiano\u00a0d&#8217;Archi<\/strong>:<br \/>\n<strong>Alessandro Milani \/ <\/strong>violino<strong><br \/>\nLuca Ranieri \/ <\/strong>viola<strong><br \/>\nPierpaolo Toso \/ <\/strong>violoncello<\/p>\n<p><strong>Programma<\/strong><br \/>\nF.J.Haydn Trio per Archi op.53<br \/>\nL.Boccherini Trio in Re maggiore op.14 n.4 G.98<br \/>\nF.Schubert Trio in un Movimento D471<br \/>\nL.van Beethoven Trio per Archi Op.9 n.2 in Re Maggiore.<\/p>\n<p>&nbsp;<\/p>\n<hr \/>\n<p>&nbsp;<\/p>\n<p class=\"p1\">Mecoled\u00ec 01 settembre 2021<br \/>\nAtrio del Duomo di Salerno \/ ore 21.00<\/p>\n<p class=\"p1\"><strong>Terzetto Printemps:<br \/>\nPaola Cacciatori \/ <\/strong>mezzosoprano<strong><br \/>\nAllan Rizzetti \/<\/strong> baritono<strong><br \/>\nFabio Silvestro \/ <\/strong>pianoforte<\/p>\n<p><strong>Programma<\/strong><br \/>\nUna delle formazioni pi\u00f9 prestigiose al mondo<br \/>\nil Quartetto d\u2019archi del Teatro alla Scala di Milano<br \/>\nsi esibir\u00e0 per la prima volta a Salerno<br \/>\ncon un programma di notevole pregio musicale.<\/p>\n<p>&nbsp;<\/p>\n<hr \/>\n<p>&nbsp;<\/p>\n<p class=\"p1\">Sabato 04 settembre 2021<br \/>\nAtrio del Duomo di Salerno \/ ore 21.00<\/p>\n<p class=\"p1\"><strong>Alessio Boni e Marcello Prayer<\/strong> in<strong><br \/>\nconcertato a due per Alda Merini<br \/>\n<\/strong><\/p>\n<p><strong>Programma<\/strong><br \/>\n\u201cSe un poeta dona le proprie carte con l\u2019intenzione di regalare i propri patimenti,<br \/>\nle ansie, le sue mille anime, gli altri dovrebbero ringraziarlo perch\u00e9, con gli occhi<br \/>\nrarefatti dalla follia, sta guardando il destino anche per loro\u201d.<\/p>\n<p>&nbsp;<\/p>\n<hr \/>\n<p>&nbsp;<\/p>\n<p class=\"p1\">Domenica 05 settembre 2021<br \/>\nAtrio del Duomo di Salerno \/ ore 21.00<\/p>\n<p class=\"p1\"><strong>Emilio Aversano in concerto<\/strong><\/p>\n<p><strong>Programma<\/strong><br \/>\nD.Scarlatti sonata k 380 in mi maggiore<br \/>\nsonata k 531 in mi maggiore<br \/>\nsonata k 239 in fa minore<br \/>\nL.Van Beethoven sonata n 23 op. 57 \u201cAppassionata\u201d<br \/>\nF.Schubert Improvviso op 90 n 3<br \/>\nImprovviso op 90 n 4<\/p>\n<p>&nbsp;<\/p>\n<hr \/>\n<p>&nbsp;<\/p>\n<p class=\"p1\">Sabato 11 settembre 2021<br \/>\nAtrio del Duomo di Salerno \/ ore 21.00<\/p>\n<p class=\"p1\"><strong>Ensemble Neapolis:<br \/>\nClementina Regina \/ <\/strong>soprano<strong><br \/>\nAmedeo Colella \/ <\/strong>voce recitante<\/p>\n<p><strong>Programma<\/strong><br \/>\nCanzoni della Napoli del passato<\/p>\n<p class=\"p1\">Sabato 11 settembre 2021<br \/>\nAtrio del Duomo di Salerno \/ ore 21.00<\/p>\n<p>&nbsp;<\/p>\n<hr \/>\n<p>&nbsp;<\/p>\n<p class=\"p1\">Domenica 12 settembre 2021<br \/>\nAtrio del Duomo di Salerno \/ ore 21.00<\/p>\n<p class=\"p1\"><strong>Tango Y Tango<br \/>\nEleonora Bianchini \/ <\/strong>voce recitante<strong><br \/>\nWalter Lucherini \/ <\/strong>bandoneon<strong><br \/>\nSilvio Zalambani \/ <\/strong>sax<strong><br \/>\nFabrizio Mocata \/ <\/strong>pianoforte<\/p>\n<p><strong>Programma<\/strong><br \/>\nOmaggio ad Astor Piazzolla (1921 &#8211; 2021)[\/vc_column_text][\/vc_tab][\/vc_tour][\/vc_column][\/vc_row]<\/p>\n","protected":false},"excerpt":{"rendered":"<p>[vc_row][vc_column][vc_tour interval=&#8221;0&#8243; style=&#8221;tab-style-three&#8221;][vc_tab title=&#8221;I Edizione 1999&#8243; tab_id=&#8221;1408700016-1-41&#8243;][vc_single_image source=&#8221;external_link&#8221; custom_src=&#8221;http:\/\/www.irnofestival.it\/XVII\/wp-content\/uploads\/2015\/07\/primaedizione.jpg&#8221;][vc_column_text]Sabato 27 Novembre 1999 &#8211; ore: 19.00 CENTRO SOCIALE (Mercato San Severino &#8211; SA) &#8211; Concerto Multimediale &#8211; &#8220;Contaminazioni&#8221; &#8230; tra musica e pittura Vincenzo Mastropirro &#8211; flauto Giambattista Ciliberti &#8211; clarinetto Antonio Maddoni &#8211; chitarra Paolo Sciancalopore &#8211; pittore &#8212;&#8212;&#8212;&#8212;&#8212;&#8212;&#8212;&#8212;&#8212;&#8212;&#8212;&#8212;&#8212;&#8212;&#8212;&#8212;&#8211; Domenica 5 Dicembre 1999 &#8211; ore:&hellip;<\/p>\n","protected":false},"author":1,"featured_media":0,"parent":0,"menu_order":0,"comment_status":"closed","ping_status":"closed","template":"","meta":{"footnotes":""},"class_list":["post-61","page","type-page","status-publish","hentry","description-off"],"_links":{"self":[{"href":"http:\/\/irnofestival.it\/XXVII\/wp-json\/wp\/v2\/pages\/61","targetHints":{"allow":["GET"]}}],"collection":[{"href":"http:\/\/irnofestival.it\/XXVII\/wp-json\/wp\/v2\/pages"}],"about":[{"href":"http:\/\/irnofestival.it\/XXVII\/wp-json\/wp\/v2\/types\/page"}],"author":[{"embeddable":true,"href":"http:\/\/irnofestival.it\/XXVII\/wp-json\/wp\/v2\/users\/1"}],"replies":[{"embeddable":true,"href":"http:\/\/irnofestival.it\/XXVII\/wp-json\/wp\/v2\/comments?post=61"}],"version-history":[{"count":6,"href":"http:\/\/irnofestival.it\/XXVII\/wp-json\/wp\/v2\/pages\/61\/revisions"}],"predecessor-version":[{"id":605,"href":"http:\/\/irnofestival.it\/XXVII\/wp-json\/wp\/v2\/pages\/61\/revisions\/605"}],"wp:attachment":[{"href":"http:\/\/irnofestival.it\/XXVII\/wp-json\/wp\/v2\/media?parent=61"}],"curies":[{"name":"wp","href":"https:\/\/api.w.org\/{rel}","templated":true}]}}